{"id":10230,"date":"2022-03-28T15:56:58","date_gmt":"2022-03-28T15:56:58","guid":{"rendered":"https:\/\/aspros.cat\/trabajo-con-apoyo\/"},"modified":"2025-07-28T09:54:29","modified_gmt":"2025-07-28T09:54:29","slug":"trabajo-con-apoyo","status":"publish","type":"page","link":"https:\/\/aspros.cat\/es\/trabajo-con-apoyo\/","title":{"rendered":"Trabajo con apoyo"},"content":{"rendered":"\t\t<div data-elementor-type=\"wp-page\" data-elementor-id=\"10230\" class=\"elementor elementor-10230 elementor-2949\" data-elementor-post-type=\"page\">\n\t\t\t\t\t\t<section class=\"elementor-section elementor-top-section elementor-element elementor-element-8cda8f1 elementor-section-full_width elementor-section-height-default elementor-section-height-default\" data-id=\"8cda8f1\" data-element_type=\"section\" data-e-type=\"section\" data-settings=\"{&quot;background_background&quot;:&quot;classic&quot;}\">\n\t\t\t\t\t\t\t<div class=\"elementor-background-overlay\"><\/div>\n\t\t\t\t\t\t\t<div class=\"elementor-container elementor-column-gap-no\">\n\t\t\t\t\t<div class=\"elementor-column elementor-col-100 elementor-top-column elementor-element elementor-element-3a0d2d6\" data-id=\"3a0d2d6\" data-element_type=\"column\" data-e-type=\"column\">\n\t\t\t<div class=\"elementor-widget-wrap elementor-element-populated\">\n\t\t\t\t\t\t<div class=\"elementor-element elementor-element-eea9c2b elementor-widget elementor-widget-heading\" data-id=\"eea9c2b\" data-element_type=\"widget\" data-e-type=\"widget\" data-widget_type=\"heading.default\">\n\t\t\t\t<div class=\"elementor-widget-container\">\n\t\t\t\t\t<h5 class=\"elementor-heading-title elementor-size-default\">Impulsa\u2019t \u2013 Orientaci\u00f3, formaci\u00f3 i ocupaci\u00f3<\/h5>\t\t\t\t<\/div>\n\t\t\t\t<\/div>\n\t\t\t\t<div class=\"elementor-element elementor-element-0a2927b elementor-widget elementor-widget-heading\" data-id=\"0a2927b\" data-element_type=\"widget\" data-e-type=\"widget\" data-widget_type=\"heading.default\">\n\t\t\t\t<div class=\"elementor-widget-container\">\n\t\t\t\t\t<h1 class=\"elementor-heading-title elementor-size-default\">Servicio de orientaci\u00f3n<\/h1>\t\t\t\t<\/div>\n\t\t\t\t<\/div>\n\t\t\t\t\t<\/div>\n\t\t<\/div>\n\t\t\t\t\t<\/div>\n\t\t<\/section>\n\t\t\t\t<section class=\"elementor-section elementor-top-section elementor-element elementor-element-f286c9e elementor-section-boxed elementor-section-height-default elementor-section-height-default\" data-id=\"f286c9e\" data-element_type=\"section\" data-e-type=\"section\">\n\t\t\t\t\t\t<div class=\"elementor-container elementor-column-gap-default\">\n\t\t\t\t\t<div class=\"elementor-column elementor-col-50 elementor-top-column elementor-element elementor-element-dea3a44\" data-id=\"dea3a44\" data-element_type=\"column\" data-e-type=\"column\">\n\t\t\t<div class=\"elementor-widget-wrap elementor-element-populated\">\n\t\t\t\t\t\t<div class=\"elementor-element elementor-element-e469939 blueTitle elementor-widget elementor-widget-heading\" data-id=\"e469939\" data-element_type=\"widget\" data-e-type=\"widget\" data-widget_type=\"heading.default\">\n\t\t\t\t<div class=\"elementor-widget-container\">\n\t\t\t\t\t<h3 class=\"elementor-heading-title elementor-size-default\">\u00bfQu\u00e9 ofrecemos?<\/h3>\t\t\t\t<\/div>\n\t\t\t\t<\/div>\n\t\t\t\t\t<\/div>\n\t\t<\/div>\n\t\t\t\t<div class=\"elementor-column elementor-col-50 elementor-top-column elementor-element elementor-element-538cb8d\" data-id=\"538cb8d\" data-element_type=\"column\" data-e-type=\"column\">\n\t\t\t<div class=\"elementor-widget-wrap elementor-element-populated\">\n\t\t\t\t\t\t<div class=\"elementor-element elementor-element-c0b1f4e description elementor-widget elementor-widget-text-editor\" data-id=\"c0b1f4e\" data-element_type=\"widget\" data-e-type=\"widget\" data-widget_type=\"text-editor.default\">\n\t\t\t\t<div class=\"elementor-widget-container\">\n\t\t\t\t\t\t\t\t\t<p>Ofrecemos un sistema de apoyo individualizado y personalizado para que todas las personas puedan desarrollar una actividad laboral.<\/p>\n\t\t\t\t\t\t\t\t<\/div>\n\t\t\t\t<\/div>\n\t\t\t\t\t<\/div>\n\t\t<\/div>\n\t\t\t\t\t<\/div>\n\t\t<\/section>\n\t\t\t\t<section class=\"elementor-section elementor-top-section elementor-element elementor-element-99e38e2 elementor-section-boxed elementor-section-height-default elementor-section-height-default\" data-id=\"99e38e2\" data-element_type=\"section\" data-e-type=\"section\">\n\t\t\t\t\t\t<div class=\"elementor-container elementor-column-gap-no\">\n\t\t\t\t\t<div class=\"elementor-column elementor-col-100 elementor-top-column elementor-element elementor-element-3a505fd\" data-id=\"3a505fd\" data-element_type=\"column\" data-e-type=\"column\">\n\t\t\t<div class=\"elementor-widget-wrap elementor-element-populated\">\n\t\t\t\t\t\t<div class=\"elementor-element elementor-element-fe01cd4 subtitle elementor-widget elementor-widget-heading\" data-id=\"fe01cd4\" data-element_type=\"widget\" data-e-type=\"widget\" data-widget_type=\"heading.default\">\n\t\t\t\t<div class=\"elementor-widget-container\">\n\t\t\t\t\t<h2 class=\"elementor-heading-title elementor-size-default\">\u00bfC\u00f3mo lo hacemos?<\/h2>\t\t\t\t<\/div>\n\t\t\t\t<\/div>\n\t\t\t\t<div class=\"elementor-element elementor-element-3c92b0a description elementor-widget__width-initial elementor-widget elementor-widget-text-editor\" data-id=\"3c92b0a\" data-element_type=\"widget\" data-e-type=\"widget\" data-widget_type=\"text-editor.default\">\n\t\t\t\t<div class=\"elementor-widget-container\">\n\t\t\t\t\t\t\t\t\t<ul>\n<li>Elaboraci\u00f3n del Plan Individual de Inserci\u00f3n Laboral para definir el perfil y los objetivos a trabajar con cada persona participante.<\/li>\n<li>Formaci\u00f3n y orientaci\u00f3n laboral para potenciar las competencias individuales mediante sesiones individuales y grupales.<\/li>\n<li>Acompa\u00f1amiento en el proceso de b\u00fasqueda de empleo y desarrollo profesional.<\/li>\n<\/ul>\n\t\t\t\t\t\t\t\t<\/div>\n\t\t\t\t<\/div>\n\t\t\t\t<div class=\"elementor-element elementor-element-6d419a0 description elementor-widget__width-initial elementor-widget elementor-widget-text-editor\" data-id=\"6d419a0\" data-element_type=\"widget\" data-e-type=\"widget\" data-widget_type=\"text-editor.default\">\n\t\t\t\t<div class=\"elementor-widget-container\">\n\t\t\t\t\t\t\t\t\t<ul>\n<li>Prospecci\u00f3n del mercado laboral y apoyo en el acceso al mismo mediante pr\u00e1cticas o inserci\u00f3n directa.<\/li>\n<li>Seguimiento durante el proceso de inserci\u00f3n.<\/li>\n<li>Apoyo y acompa\u00f1amiento en todos los factores que intervienen en la inserci\u00f3n de la persona participante.<\/li>\n<\/ul>\n\t\t\t\t\t\t\t\t<\/div>\n\t\t\t\t<\/div>\n\t\t\t\t<div class=\"elementor-element elementor-element-f8f1877 elementor-widget-divider--view-line elementor-widget elementor-widget-divider\" data-id=\"f8f1877\" data-element_type=\"widget\" data-e-type=\"widget\" data-widget_type=\"divider.default\">\n\t\t\t\t<div class=\"elementor-widget-container\">\n\t\t\t\t\t\t\t<div class=\"elementor-divider\">\n\t\t\t<span class=\"elementor-divider-separator\">\n\t\t\t\t\t\t<\/span>\n\t\t<\/div>\n\t\t\t\t\t\t<\/div>\n\t\t\t\t<\/div>\n\t\t\t\t<div class=\"elementor-element elementor-element-986409c subtitle elementor-widget elementor-widget-heading\" data-id=\"986409c\" data-element_type=\"widget\" data-e-type=\"widget\" data-widget_type=\"heading.default\">\n\t\t\t\t<div class=\"elementor-widget-container\">\n\t\t\t\t\t<h2 class=\"elementor-heading-title elementor-size-default\">\u00bfCon qu\u00e9 programas contamos?<\/h2>\t\t\t\t<\/div>\n\t\t\t\t<\/div>\n\t\t\t\t\t<\/div>\n\t\t<\/div>\n\t\t\t\t\t<\/div>\n\t\t<\/section>\n\t\t\t\t<section class=\"elementor-section elementor-top-section elementor-element elementor-element-c14db8e elementor-section-boxed elementor-section-height-default elementor-section-height-default\" data-id=\"c14db8e\" data-element_type=\"section\" data-e-type=\"section\">\n\t\t\t\t\t\t<div class=\"elementor-container elementor-column-gap-wide\">\n\t\t\t\t\t<div class=\"elementor-column elementor-col-50 elementor-top-column elementor-element elementor-element-88019b0\" data-id=\"88019b0\" data-element_type=\"column\" data-e-type=\"column\">\n\t\t\t<div class=\"elementor-widget-wrap elementor-element-populated\">\n\t\t\t\t\t\t<div class=\"elementor-element elementor-element-7055fb3 subtitle elementor-widget elementor-widget-heading\" data-id=\"7055fb3\" data-element_type=\"widget\" data-e-type=\"widget\" data-widget_type=\"heading.default\">\n\t\t\t\t<div class=\"elementor-widget-container\">\n\t\t\t\t\t<h2 class=\"elementor-heading-title elementor-size-default\">Programa SIOAS<\/h2>\t\t\t\t<\/div>\n\t\t\t\t<\/div>\n\t\t\t\t<div class=\"elementor-element elementor-element-51a63aa description elementor-widget elementor-widget-text-editor\" data-id=\"51a63aa\" data-element_type=\"widget\" data-e-type=\"widget\" data-widget_type=\"text-editor.default\">\n\t\t\t\t<div class=\"elementor-widget-container\">\n\t\t\t\t\t\t\t\t\t<p>Dirigido a personas con discapacidad intelectual y\/o con problem\u00e1tica de salud mental.<\/p>\n\t\t\t\t\t\t\t\t<\/div>\n\t\t\t\t<\/div>\n\t\t\t\t<div class=\"elementor-element elementor-element-8a292fc elementor-align-left elementor-widget elementor-widget-button\" data-id=\"8a292fc\" data-element_type=\"widget\" data-e-type=\"widget\" data-widget_type=\"button.default\">\n\t\t\t\t<div class=\"elementor-widget-container\">\n\t\t\t\t\t\t\t\t\t<div class=\"elementor-button-wrapper\">\n\t\t\t\t\t<a class=\"elementor-button elementor-button-link elementor-size-sm\" href=\"https:\/\/aspros.cat\/wp-content\/uploads\/2025\/04\/Difusio-SIOAS-2025.pdf.pdf\">\n\t\t\t\t\t\t<span class=\"elementor-button-content-wrapper\">\n\t\t\t\t\t\t<span class=\"elementor-button-icon\">\n\t\t\t\t<i aria-hidden=\"true\" class=\"far fa-file-pdf\"><\/i>\t\t\t<\/span>\n\t\t\t\t\t\t\t\t\t<span class=\"elementor-button-text\">Descarga el cat\u00e1logo<\/span>\n\t\t\t\t\t<\/span>\n\t\t\t\t\t<\/a>\n\t\t\t\t<\/div>\n\t\t\t\t\t\t\t\t<\/div>\n\t\t\t\t<\/div>\n\t\t\t\t<div class=\"elementor-element elementor-element-841d827 elementor-widget elementor-widget-text-editor\" data-id=\"841d827\" data-element_type=\"widget\" data-e-type=\"widget\" data-widget_type=\"text-editor.default\">\n\t\t\t\t<div class=\"elementor-widget-container\">\n\t\t\t\t\t\t\t\t\t<p>Con el apoyo de la Generalitat de Catalunya<\/p>\n\t\t\t\t\t\t\t\t<\/div>\n\t\t\t\t<\/div>\n\t\t\t\t<div class=\"elementor-element elementor-element-f1a55b0 elementor-widget-tablet__width-initial elementor-widget elementor-widget-image\" data-id=\"f1a55b0\" data-element_type=\"widget\" data-e-type=\"widget\" data-widget_type=\"image.default\">\n\t\t\t\t<div class=\"elementor-widget-container\">\n\t\t\t\t\t\t\t\t\t\t\t\t\t\t\t<img fetchpriority=\"high\" decoding=\"async\" width=\"1200\" height=\"348\" src=\"https:\/\/aspros.cat\/wp-content\/uploads\/2025\/07\/Logotipo_de_la_Generalitat_de_Catalunya.svg.png\" class=\"attachment-full size-full wp-image-18649\" alt=\"\" srcset=\"https:\/\/aspros.cat\/wp-content\/uploads\/2025\/07\/Logotipo_de_la_Generalitat_de_Catalunya.svg.png 1200w, https:\/\/aspros.cat\/wp-content\/uploads\/2025\/07\/Logotipo_de_la_Generalitat_de_Catalunya.svg-300x87.png 300w, https:\/\/aspros.cat\/wp-content\/uploads\/2025\/07\/Logotipo_de_la_Generalitat_de_Catalunya.svg-1024x297.png 1024w, https:\/\/aspros.cat\/wp-content\/uploads\/2025\/07\/Logotipo_de_la_Generalitat_de_Catalunya.svg-768x223.png 768w\" sizes=\"(max-width: 1200px) 100vw, 1200px\" \/>\t\t\t\t\t\t\t\t\t\t\t\t\t\t\t<\/div>\n\t\t\t\t<\/div>\n\t\t\t\t<div class=\"elementor-element elementor-element-4ad9a2b elementor-widget elementor-widget-text-editor\" data-id=\"4ad9a2b\" data-element_type=\"widget\" data-e-type=\"widget\" data-widget_type=\"text-editor.default\">\n\t\t\t\t<div class=\"elementor-widget-container\">\n\t\t\t\t\t\t\t\t\t<p>Con el apoyo del Departament d\u2019Empresa i Treball<\/p>\n\t\t\t\t\t\t\t\t<\/div>\n\t\t\t\t<\/div>\n\t\t\t\t<div class=\"elementor-element elementor-element-7e35a4b elementor-widget-tablet__width-initial elementor-widget__width-initial elementor-widget elementor-widget-image\" data-id=\"7e35a4b\" data-element_type=\"widget\" data-e-type=\"widget\" data-widget_type=\"image.default\">\n\t\t\t\t<div class=\"elementor-widget-container\">\n\t\t\t\t\t\t\t\t\t\t\t\t\t\t\t<img decoding=\"async\" width=\"650\" height=\"180\" src=\"https:\/\/aspros.cat\/wp-content\/uploads\/2022\/06\/logo-dep.-empresa-i-treball.jpeg\" class=\"attachment-full size-full wp-image-6773\" alt=\"\" srcset=\"https:\/\/aspros.cat\/wp-content\/uploads\/2022\/06\/logo-dep.-empresa-i-treball.jpeg 650w, https:\/\/aspros.cat\/wp-content\/uploads\/2022\/06\/logo-dep.-empresa-i-treball-300x83.jpeg 300w\" sizes=\"(max-width: 650px) 100vw, 650px\" \/>\t\t\t\t\t\t\t\t\t\t\t\t\t\t\t<\/div>\n\t\t\t\t<\/div>\n\t\t\t\t<div class=\"elementor-element elementor-element-9682a9f elementor-widget-tablet__width-initial elementor-widget__width-initial elementor-widget elementor-widget-image\" data-id=\"9682a9f\" data-element_type=\"widget\" data-e-type=\"widget\" data-widget_type=\"image.default\">\n\t\t\t\t<div class=\"elementor-widget-container\">\n\t\t\t\t\t\t\t\t\t\t\t\t\t\t\t<img decoding=\"async\" width=\"3708\" height=\"1267\" src=\"https:\/\/aspros.cat\/wp-content\/uploads\/2022\/11\/CoFinancatUE_lateral.png\" class=\"attachment-full size-full wp-image-10330\" alt=\"\" srcset=\"https:\/\/aspros.cat\/wp-content\/uploads\/2022\/11\/CoFinancatUE_lateral.png 3708w, https:\/\/aspros.cat\/wp-content\/uploads\/2022\/11\/CoFinancatUE_lateral-300x103.png 300w, https:\/\/aspros.cat\/wp-content\/uploads\/2022\/11\/CoFinancatUE_lateral-1024x350.png 1024w, https:\/\/aspros.cat\/wp-content\/uploads\/2022\/11\/CoFinancatUE_lateral-768x262.png 768w, https:\/\/aspros.cat\/wp-content\/uploads\/2022\/11\/CoFinancatUE_lateral-1536x525.png 1536w, https:\/\/aspros.cat\/wp-content\/uploads\/2022\/11\/CoFinancatUE_lateral-2048x700.png 2048w\" sizes=\"(max-width: 3708px) 100vw, 3708px\" \/>\t\t\t\t\t\t\t\t\t\t\t\t\t\t\t<\/div>\n\t\t\t\t<\/div>\n\t\t\t\t\t<\/div>\n\t\t<\/div>\n\t\t\t\t<div class=\"elementor-column elementor-col-50 elementor-top-column elementor-element elementor-element-9aa0879\" data-id=\"9aa0879\" data-element_type=\"column\" data-e-type=\"column\">\n\t\t\t<div class=\"elementor-widget-wrap elementor-element-populated\">\n\t\t\t\t\t\t<div class=\"elementor-element elementor-element-c3ac3eb subtitle elementor-widget elementor-widget-heading\" data-id=\"c3ac3eb\" data-element_type=\"widget\" data-e-type=\"widget\" data-widget_type=\"heading.default\">\n\t\t\t\t<div class=\"elementor-widget-container\">\n\t\t\t\t\t<h2 class=\"elementor-heading-title elementor-size-default\">Programa MAIS<\/h2>\t\t\t\t<\/div>\n\t\t\t\t<\/div>\n\t\t\t\t<div class=\"elementor-element elementor-element-f4ed575 description elementor-widget elementor-widget-text-editor\" data-id=\"f4ed575\" data-element_type=\"widget\" data-e-type=\"widget\" data-widget_type=\"text-editor.default\">\n\t\t\t\t<div class=\"elementor-widget-container\">\n\t\t\t\t\t\t\t\t\t<p>Dirigido a personas con discapacidad intelectual, del desarrollo y\/o problem\u00e1tica de salud mental, perceptoras de la RGC e IMV, y personas desempleadas de larga duraci\u00f3n que reciban apoyo de los Servicios Sociales.<\/p>\n\t\t\t\t\t\t\t\t<\/div>\n\t\t\t\t<\/div>\n\t\t\t\t<div class=\"elementor-element elementor-element-a2dd3af elementor-align-left elementor-widget elementor-widget-button\" data-id=\"a2dd3af\" data-element_type=\"widget\" data-e-type=\"widget\" data-widget_type=\"button.default\">\n\t\t\t\t<div class=\"elementor-widget-container\">\n\t\t\t\t\t\t\t\t\t<div class=\"elementor-button-wrapper\">\n\t\t\t\t\t<a class=\"elementor-button elementor-button-link elementor-size-sm\" href=\"https:\/\/aspros.cat\/wp-content\/uploads\/2025\/07\/Difusio-MAIS-2025-1.pdf\">\n\t\t\t\t\t\t<span class=\"elementor-button-content-wrapper\">\n\t\t\t\t\t\t<span class=\"elementor-button-icon\">\n\t\t\t\t<i aria-hidden=\"true\" class=\"far fa-file-pdf\"><\/i>\t\t\t<\/span>\n\t\t\t\t\t\t\t\t\t<span class=\"elementor-button-text\">Descarga el cat\u00e1logo<\/span>\n\t\t\t\t\t<\/span>\n\t\t\t\t\t<\/a>\n\t\t\t\t<\/div>\n\t\t\t\t\t\t\t\t<\/div>\n\t\t\t\t<\/div>\n\t\t\t\t<div class=\"elementor-element elementor-element-cf5124f elementor-widget elementor-widget-text-editor\" data-id=\"cf5124f\" data-element_type=\"widget\" data-e-type=\"widget\" data-widget_type=\"text-editor.default\">\n\t\t\t\t<div class=\"elementor-widget-container\">\n\t\t\t\t\t\t\t\t\t<p>Con el apoyo de la Generalitat de Catalunya<\/p>\n\t\t\t\t\t\t\t\t<\/div>\n\t\t\t\t<\/div>\n\t\t\t\t<div class=\"elementor-element elementor-element-93cb473 elementor-widget-tablet__width-initial elementor-widget__width-initial elementor-widget elementor-widget-image\" data-id=\"93cb473\" data-element_type=\"widget\" data-e-type=\"widget\" data-widget_type=\"image.default\">\n\t\t\t\t<div class=\"elementor-widget-container\">\n\t\t\t\t\t\t\t\t\t\t\t\t\t\t\t<img fetchpriority=\"high\" decoding=\"async\" width=\"1200\" height=\"348\" src=\"https:\/\/aspros.cat\/wp-content\/uploads\/2025\/07\/Logotipo_de_la_Generalitat_de_Catalunya.svg.png\" class=\"attachment-full size-full wp-image-18649\" alt=\"\" srcset=\"https:\/\/aspros.cat\/wp-content\/uploads\/2025\/07\/Logotipo_de_la_Generalitat_de_Catalunya.svg.png 1200w, https:\/\/aspros.cat\/wp-content\/uploads\/2025\/07\/Logotipo_de_la_Generalitat_de_Catalunya.svg-300x87.png 300w, https:\/\/aspros.cat\/wp-content\/uploads\/2025\/07\/Logotipo_de_la_Generalitat_de_Catalunya.svg-1024x297.png 1024w, https:\/\/aspros.cat\/wp-content\/uploads\/2025\/07\/Logotipo_de_la_Generalitat_de_Catalunya.svg-768x223.png 768w\" sizes=\"(max-width: 1200px) 100vw, 1200px\" \/>\t\t\t\t\t\t\t\t\t\t\t\t\t\t\t<\/div>\n\t\t\t\t<\/div>\n\t\t\t\t<div class=\"elementor-element elementor-element-5366ccb elementor-widget-tablet__width-initial elementor-widget__width-initial elementor-widget elementor-widget-image\" data-id=\"5366ccb\" data-element_type=\"widget\" data-e-type=\"widget\" data-widget_type=\"image.default\">\n\t\t\t\t<div class=\"elementor-widget-container\">\n\t\t\t\t\t\t\t\t\t\t\t\t\t\t\t<img decoding=\"async\" width=\"3708\" height=\"1267\" src=\"https:\/\/aspros.cat\/wp-content\/uploads\/2022\/11\/CoFinancatUE_lateral.png\" class=\"attachment-full size-full wp-image-10330\" alt=\"\" srcset=\"https:\/\/aspros.cat\/wp-content\/uploads\/2022\/11\/CoFinancatUE_lateral.png 3708w, https:\/\/aspros.cat\/wp-content\/uploads\/2022\/11\/CoFinancatUE_lateral-300x103.png 300w, https:\/\/aspros.cat\/wp-content\/uploads\/2022\/11\/CoFinancatUE_lateral-1024x350.png 1024w, https:\/\/aspros.cat\/wp-content\/uploads\/2022\/11\/CoFinancatUE_lateral-768x262.png 768w, https:\/\/aspros.cat\/wp-content\/uploads\/2022\/11\/CoFinancatUE_lateral-1536x525.png 1536w, https:\/\/aspros.cat\/wp-content\/uploads\/2022\/11\/CoFinancatUE_lateral-2048x700.png 2048w\" sizes=\"(max-width: 3708px) 100vw, 3708px\" \/>\t\t\t\t\t\t\t\t\t\t\t\t\t\t\t<\/div>\n\t\t\t\t<\/div>\n\t\t\t\t\t<\/div>\n\t\t<\/div>\n\t\t\t\t\t<\/div>\n\t\t<\/section>\n\t\t\t\t<\/div>\n\t\t","protected":false},"excerpt":{"rendered":"<p>Impulsa\u2019t \u2013 Orientaci\u00f3, formaci\u00f3 i ocupaci\u00f3 Servicio de orientaci\u00f3n \u00bfQu\u00e9 ofrecemos? Ofrecemos un sistema de apoyo individualizado y personalizado para que todas las personas puedan desarrollar una actividad laboral. \u00bfC\u00f3mo lo hacemos? Elaboraci\u00f3n del Plan Individual de Inserci\u00f3n Laboral para definir el perfil y los objetivos a trabajar con cada persona participante. Formaci\u00f3n y orientaci\u00f3n [&hellip;]<\/p>\n","protected":false},"author":1,"featured_media":0,"parent":0,"menu_order":0,"comment_status":"closed","ping_status":"closed","template":"","meta":{"give_campaign_id":0,"site-sidebar-layout":"no-sidebar","site-content-layout":"page-builder","ast-site-content-layout":"default","site-content-style":"default","site-sidebar-style":"default","ast-global-header-display":"","ast-banner-title-visibility":"","ast-main-header-display":"","ast-hfb-above-header-display":"","ast-hfb-below-header-display":"","ast-hfb-mobile-header-display":"","site-post-title":"disabled","ast-breadcrumbs-content":"","ast-featured-img":"disabled","footer-sml-layout":"","ast-disable-related-posts":"","theme-transparent-header-meta":"","adv-header-id-meta":"","stick-header-meta":"","header-above-stick-meta":"","header-main-stick-meta":"","header-below-stick-meta":"","astra-migrate-meta-layouts":"default","ast-page-background-enabled":"default","ast-page-background-meta":{"desktop":{"background-color":"var(--ast-global-color-4)","background-image":"","background-repeat":"repeat","background-position":"center center","background-size":"auto","background-attachment":"scroll","background-type":"","background-media":"","overlay-type":"","overlay-color":"","overlay-opacity":"","overlay-gradient":""},"tablet":{"background-color":"","background-image":"","background-repeat":"repeat","background-position":"center center","background-size":"auto","background-attachment":"scroll","background-type":"","background-media":"","overlay-type":"","overlay-color":"","overlay-opacity":"","overlay-gradient":""},"mobile":{"background-color":"","background-image":"","background-repeat":"repeat","background-position":"center center","background-size":"auto","background-attachment":"scroll","background-type":"","background-media":"","overlay-type":"","overlay-color":"","overlay-opacity":"","overlay-gradient":""}},"ast-content-background-meta":{"desktop":{"background-color":"var(--ast-global-color-5)","background-image":"","background-repeat":"repeat","background-position":"center center","background-size":"auto","background-attachment":"scroll","background-type":"","background-media":"","overlay-type":"","overlay-color":"","overlay-opacity":"","overlay-gradient":""},"tablet":{"background-color":"var(--ast-global-color-5)","background-image":"","background-repeat":"repeat","background-position":"center center","background-size":"auto","background-attachment":"scroll","background-type":"","background-media":"","overlay-type":"","overlay-color":"","overlay-opacity":"","overlay-gradient":""},"mobile":{"background-color":"var(--ast-global-color-5)","background-image":"","background-repeat":"repeat","background-position":"center center","background-size":"auto","background-attachment":"scroll","background-type":"","background-media":"","overlay-type":"","overlay-color":"","overlay-opacity":"","overlay-gradient":""}},"footnotes":""},"class_list":["post-10230","page","type-page","status-publish","hentry"],"yoast_head":"<!-- This site is optimized with the Yoast SEO plugin v27.2 - https:\/\/yoast.com\/product\/yoast-seo-wordpress\/ -->\n<title>Trabajo con apoyo - Fundaci\u00f3 Aspros \u2013 Servei Integral per la discapacitat ps\u00edquica<\/title>\n<meta name=\"robots\" content=\"index, follow, max-snippet:-1, max-image-preview:large, max-video-preview:-1\" \/>\n<link rel=\"canonical\" href=\"https:\/\/aspros.cat\/treball-amb-suport\/\" \/>\n<meta property=\"og:locale\" content=\"es_ES\" \/>\n<meta property=\"og:type\" content=\"article\" \/>\n<meta property=\"og:title\" content=\"Trabajo con apoyo - Fundaci\u00f3 Aspros \u2013 Servei Integral per la discapacitat ps\u00edquica\" \/>\n<meta property=\"og:description\" content=\"Impulsa\u2019t \u2013 Orientaci\u00f3, formaci\u00f3 i ocupaci\u00f3 Servicio de orientaci\u00f3n \u00bfQu\u00e9 ofrecemos? Ofrecemos un sistema de apoyo individualizado y personalizado para que todas las personas puedan desarrollar una actividad laboral. \u00bfC\u00f3mo lo hacemos? Elaboraci\u00f3n del Plan Individual de Inserci\u00f3n Laboral para definir el perfil y los objetivos a trabajar con cada persona participante. Formaci\u00f3n y orientaci\u00f3n [&hellip;]\" \/>\n<meta property=\"og:url\" content=\"https:\/\/aspros.cat\/treball-amb-suport\/\" \/>\n<meta property=\"og:site_name\" content=\"Fundaci\u00f3 Aspros \u2013 Servei Integral per la discapacitat ps\u00edquica\" \/>\n<meta property=\"article:modified_time\" content=\"2025-07-28T09:54:29+00:00\" \/>\n<meta property=\"og:image\" content=\"https:\/\/aspros.cat\/wp-content\/uploads\/2025\/07\/Logotipo_de_la_Generalitat_de_Catalunya.svg.png\" \/>\n\t<meta property=\"og:image:width\" content=\"1200\" \/>\n\t<meta property=\"og:image:height\" content=\"348\" \/>\n\t<meta property=\"og:image:type\" content=\"image\/png\" \/>\n<meta name=\"twitter:card\" content=\"summary_large_image\" \/>\n<meta name=\"twitter:label1\" content=\"Tiempo de lectura\" \/>\n\t<meta name=\"twitter:data1\" content=\"2 minutos\" \/>\n<script type=\"application\/ld+json\" class=\"yoast-schema-graph\">{\"@context\":\"https:\/\/schema.org\",\"@graph\":[{\"@type\":\"WebPage\",\"@id\":\"https:\/\/aspros.cat\/treball-amb-suport\/\",\"url\":\"https:\/\/aspros.cat\/treball-amb-suport\/\",\"name\":\"Trabajo con apoyo - Fundaci\u00f3 Aspros \u2013 Servei Integral per la discapacitat ps\u00edquica\",\"isPartOf\":{\"@id\":\"https:\/\/aspros.cat\/#website\"},\"primaryImageOfPage\":{\"@id\":\"https:\/\/aspros.cat\/treball-amb-suport\/#primaryimage\"},\"image\":{\"@id\":\"https:\/\/aspros.cat\/treball-amb-suport\/#primaryimage\"},\"thumbnailUrl\":\"https:\/\/aspros.cat\/wp-content\/uploads\/2025\/07\/Logotipo_de_la_Generalitat_de_Catalunya.svg.png\",\"datePublished\":\"2022-03-28T15:56:58+00:00\",\"dateModified\":\"2025-07-28T09:54:29+00:00\",\"breadcrumb\":{\"@id\":\"https:\/\/aspros.cat\/treball-amb-suport\/#breadcrumb\"},\"inLanguage\":\"es\",\"potentialAction\":[{\"@type\":\"ReadAction\",\"target\":[\"https:\/\/aspros.cat\/treball-amb-suport\/\"]}]},{\"@type\":\"ImageObject\",\"inLanguage\":\"es\",\"@id\":\"https:\/\/aspros.cat\/treball-amb-suport\/#primaryimage\",\"url\":\"https:\/\/aspros.cat\/wp-content\/uploads\/2025\/07\/Logotipo_de_la_Generalitat_de_Catalunya.svg.png\",\"contentUrl\":\"https:\/\/aspros.cat\/wp-content\/uploads\/2025\/07\/Logotipo_de_la_Generalitat_de_Catalunya.svg.png\"},{\"@type\":\"BreadcrumbList\",\"@id\":\"https:\/\/aspros.cat\/treball-amb-suport\/#breadcrumb\",\"itemListElement\":[{\"@type\":\"ListItem\",\"position\":1,\"name\":\"Inici\",\"item\":\"https:\/\/aspros.cat\/\"},{\"@type\":\"ListItem\",\"position\":2,\"name\":\"Trabajo con apoyo\"}]},{\"@type\":\"WebSite\",\"@id\":\"https:\/\/aspros.cat\/#website\",\"url\":\"https:\/\/aspros.cat\/\",\"name\":\"Fundaci\u00f3 Aspros \u2013 Servei Integral per la discapacitat ps\u00edquica\",\"description\":\"Otro sitio realizado con WordPress\",\"publisher\":{\"@id\":\"https:\/\/aspros.cat\/#organization\"},\"potentialAction\":[{\"@type\":\"SearchAction\",\"target\":{\"@type\":\"EntryPoint\",\"urlTemplate\":\"https:\/\/aspros.cat\/?s={search_term_string}\"},\"query-input\":{\"@type\":\"PropertyValueSpecification\",\"valueRequired\":true,\"valueName\":\"search_term_string\"}}],\"inLanguage\":\"es\"},{\"@type\":\"Organization\",\"@id\":\"https:\/\/aspros.cat\/#organization\",\"name\":\"Fundaci\u00f3 Aspros \u2013 Servei Integral per la discapacitat ps\u00edquica\",\"url\":\"https:\/\/aspros.cat\/\",\"logo\":{\"@type\":\"ImageObject\",\"inLanguage\":\"es\",\"@id\":\"https:\/\/aspros.cat\/#\/schema\/logo\/image\/\",\"url\":\"https:\/\/aspros.cat\/wp-content\/uploads\/2021\/11\/cropped-ASPROS_positiu.png\",\"contentUrl\":\"https:\/\/aspros.cat\/wp-content\/uploads\/2021\/11\/cropped-ASPROS_positiu.png\",\"width\":1200,\"height\":400,\"caption\":\"Fundaci\u00f3 Aspros \u2013 Servei Integral per la discapacitat ps\u00edquica\"},\"image\":{\"@id\":\"https:\/\/aspros.cat\/#\/schema\/logo\/image\/\"}}]}<\/script>\n<!-- \/ Yoast SEO plugin. -->","yoast_head_json":{"title":"Trabajo con apoyo - Fundaci\u00f3 Aspros \u2013 Servei Integral per la discapacitat ps\u00edquica","robots":{"index":"index","follow":"follow","max-snippet":"max-snippet:-1","max-image-preview":"max-image-preview:large","max-video-preview":"max-video-preview:-1"},"canonical":"https:\/\/aspros.cat\/treball-amb-suport\/","og_locale":"es_ES","og_type":"article","og_title":"Trabajo con apoyo - Fundaci\u00f3 Aspros \u2013 Servei Integral per la discapacitat ps\u00edquica","og_description":"Impulsa\u2019t \u2013 Orientaci\u00f3, formaci\u00f3 i ocupaci\u00f3 Servicio de orientaci\u00f3n \u00bfQu\u00e9 ofrecemos? Ofrecemos un sistema de apoyo individualizado y personalizado para que todas las personas puedan desarrollar una actividad laboral. \u00bfC\u00f3mo lo hacemos? Elaboraci\u00f3n del Plan Individual de Inserci\u00f3n Laboral para definir el perfil y los objetivos a trabajar con cada persona participante. Formaci\u00f3n y orientaci\u00f3n [&hellip;]","og_url":"https:\/\/aspros.cat\/treball-amb-suport\/","og_site_name":"Fundaci\u00f3 Aspros \u2013 Servei Integral per la discapacitat ps\u00edquica","article_modified_time":"2025-07-28T09:54:29+00:00","og_image":[{"width":1200,"height":348,"url":"https:\/\/aspros.cat\/wp-content\/uploads\/2025\/07\/Logotipo_de_la_Generalitat_de_Catalunya.svg.png","type":"image\/png"}],"twitter_card":"summary_large_image","twitter_misc":{"Tiempo de lectura":"2 minutos"},"schema":{"@context":"https:\/\/schema.org","@graph":[{"@type":"WebPage","@id":"https:\/\/aspros.cat\/treball-amb-suport\/","url":"https:\/\/aspros.cat\/treball-amb-suport\/","name":"Trabajo con apoyo - Fundaci\u00f3 Aspros \u2013 Servei Integral per la discapacitat ps\u00edquica","isPartOf":{"@id":"https:\/\/aspros.cat\/#website"},"primaryImageOfPage":{"@id":"https:\/\/aspros.cat\/treball-amb-suport\/#primaryimage"},"image":{"@id":"https:\/\/aspros.cat\/treball-amb-suport\/#primaryimage"},"thumbnailUrl":"https:\/\/aspros.cat\/wp-content\/uploads\/2025\/07\/Logotipo_de_la_Generalitat_de_Catalunya.svg.png","datePublished":"2022-03-28T15:56:58+00:00","dateModified":"2025-07-28T09:54:29+00:00","breadcrumb":{"@id":"https:\/\/aspros.cat\/treball-amb-suport\/#breadcrumb"},"inLanguage":"es","potentialAction":[{"@type":"ReadAction","target":["https:\/\/aspros.cat\/treball-amb-suport\/"]}]},{"@type":"ImageObject","inLanguage":"es","@id":"https:\/\/aspros.cat\/treball-amb-suport\/#primaryimage","url":"https:\/\/aspros.cat\/wp-content\/uploads\/2025\/07\/Logotipo_de_la_Generalitat_de_Catalunya.svg.png","contentUrl":"https:\/\/aspros.cat\/wp-content\/uploads\/2025\/07\/Logotipo_de_la_Generalitat_de_Catalunya.svg.png"},{"@type":"BreadcrumbList","@id":"https:\/\/aspros.cat\/treball-amb-suport\/#breadcrumb","itemListElement":[{"@type":"ListItem","position":1,"name":"Inici","item":"https:\/\/aspros.cat\/"},{"@type":"ListItem","position":2,"name":"Trabajo con apoyo"}]},{"@type":"WebSite","@id":"https:\/\/aspros.cat\/#website","url":"https:\/\/aspros.cat\/","name":"Fundaci\u00f3 Aspros \u2013 Servei Integral per la discapacitat ps\u00edquica","description":"Otro sitio realizado con WordPress","publisher":{"@id":"https:\/\/aspros.cat\/#organization"},"potentialAction":[{"@type":"SearchAction","target":{"@type":"EntryPoint","urlTemplate":"https:\/\/aspros.cat\/?s={search_term_string}"},"query-input":{"@type":"PropertyValueSpecification","valueRequired":true,"valueName":"search_term_string"}}],"inLanguage":"es"},{"@type":"Organization","@id":"https:\/\/aspros.cat\/#organization","name":"Fundaci\u00f3 Aspros \u2013 Servei Integral per la discapacitat ps\u00edquica","url":"https:\/\/aspros.cat\/","logo":{"@type":"ImageObject","inLanguage":"es","@id":"https:\/\/aspros.cat\/#\/schema\/logo\/image\/","url":"https:\/\/aspros.cat\/wp-content\/uploads\/2021\/11\/cropped-ASPROS_positiu.png","contentUrl":"https:\/\/aspros.cat\/wp-content\/uploads\/2021\/11\/cropped-ASPROS_positiu.png","width":1200,"height":400,"caption":"Fundaci\u00f3 Aspros \u2013 Servei Integral per la discapacitat ps\u00edquica"},"image":{"@id":"https:\/\/aspros.cat\/#\/schema\/logo\/image\/"}}]}},"campaignId":"","_links":{"self":[{"href":"https:\/\/aspros.cat\/es\/wp-json\/wp\/v2\/pages\/10230","targetHints":{"allow":["GET"]}}],"collection":[{"href":"https:\/\/aspros.cat\/es\/wp-json\/wp\/v2\/pages"}],"about":[{"href":"https:\/\/aspros.cat\/es\/wp-json\/wp\/v2\/types\/page"}],"author":[{"embeddable":true,"href":"https:\/\/aspros.cat\/es\/wp-json\/wp\/v2\/users\/1"}],"replies":[{"embeddable":true,"href":"https:\/\/aspros.cat\/es\/wp-json\/wp\/v2\/comments?post=10230"}],"version-history":[{"count":19,"href":"https:\/\/aspros.cat\/es\/wp-json\/wp\/v2\/pages\/10230\/revisions"}],"predecessor-version":[{"id":18701,"href":"https:\/\/aspros.cat\/es\/wp-json\/wp\/v2\/pages\/10230\/revisions\/18701"}],"wp:attachment":[{"href":"https:\/\/aspros.cat\/es\/wp-json\/wp\/v2\/media?parent=10230"}],"curies":[{"name":"wp","href":"https:\/\/api.w.org\/{rel}","templated":true}]}}