{"id":10180,"date":"2022-03-24T08:40:45","date_gmt":"2022-03-24T08:40:45","guid":{"rendered":"https:\/\/aspros.cat\/servicio-de-insercion-laboral\/"},"modified":"2022-11-11T08:54:13","modified_gmt":"2022-11-11T08:54:13","slug":"servicio-de-insercion-laboral","status":"publish","type":"page","link":"https:\/\/aspros.cat\/es\/hacemos-rsc-juntos\/servicio-de-insercion-laboral\/","title":{"rendered":"Servicio de inserci\u00f3n laboral"},"content":{"rendered":"\t\t<div data-elementor-type=\"wp-page\" data-elementor-id=\"10180\" class=\"elementor elementor-10180 elementor-2675\" data-elementor-post-type=\"page\">\n\t\t\t\t\t\t<section class=\"elementor-section elementor-top-section elementor-element elementor-element-09db2d5 elementor-section-full_width elementor-section-height-default elementor-section-height-default\" data-id=\"09db2d5\" data-element_type=\"section\" data-e-type=\"section\" data-settings=\"{&quot;background_background&quot;:&quot;classic&quot;}\">\n\t\t\t\t\t\t\t<div class=\"elementor-background-overlay\"><\/div>\n\t\t\t\t\t\t\t<div class=\"elementor-container elementor-column-gap-no\">\n\t\t\t\t\t<div class=\"elementor-column elementor-col-100 elementor-top-column elementor-element elementor-element-6825ead\" data-id=\"6825ead\" data-element_type=\"column\" data-e-type=\"column\">\n\t\t\t<div class=\"elementor-widget-wrap elementor-element-populated\">\n\t\t\t\t\t\t<div class=\"elementor-element elementor-element-a6dc898 elementor-widget elementor-widget-heading\" data-id=\"a6dc898\" data-element_type=\"widget\" data-e-type=\"widget\" data-widget_type=\"heading.default\">\n\t\t\t\t<div class=\"elementor-widget-container\">\n\t\t\t\t\t<h5 class=\"elementor-heading-title elementor-size-default\">Hacemos RSC juntos<\/h5>\t\t\t\t<\/div>\n\t\t\t\t<\/div>\n\t\t\t\t<div class=\"elementor-element elementor-element-6199eb5 elementor-widget elementor-widget-heading\" data-id=\"6199eb5\" data-element_type=\"widget\" data-e-type=\"widget\" data-widget_type=\"heading.default\">\n\t\t\t\t<div class=\"elementor-widget-container\">\n\t\t\t\t\t<h1 class=\"elementor-heading-title elementor-size-default\">Servicio de inserci\u00f3n laboral<\/h1>\t\t\t\t<\/div>\n\t\t\t\t<\/div>\n\t\t\t\t\t<\/div>\n\t\t<\/div>\n\t\t\t\t\t<\/div>\n\t\t<\/section>\n\t\t\t\t<section class=\"elementor-section elementor-top-section elementor-element elementor-element-b340e02 elementor-section-boxed elementor-section-height-default elementor-section-height-default\" data-id=\"b340e02\" data-element_type=\"section\" data-e-type=\"section\">\n\t\t\t\t\t\t<div class=\"elementor-container elementor-column-gap-default\">\n\t\t\t\t\t<div class=\"elementor-column elementor-col-100 elementor-top-column elementor-element elementor-element-a8c09c5\" data-id=\"a8c09c5\" data-element_type=\"column\" data-e-type=\"column\">\n\t\t\t<div class=\"elementor-widget-wrap elementor-element-populated\">\n\t\t\t\t\t\t<div class=\"elementor-element elementor-element-bd531a1 blueTitle elementor-widget elementor-widget-heading\" data-id=\"bd531a1\" data-element_type=\"widget\" data-e-type=\"widget\" data-widget_type=\"heading.default\">\n\t\t\t\t<div class=\"elementor-widget-container\">\n\t\t\t\t\t<h2 class=\"elementor-heading-title elementor-size-default\">Servicios<\/h2>\t\t\t\t<\/div>\n\t\t\t\t<\/div>\n\t\t\t\t<section class=\"elementor-section elementor-inner-section elementor-element elementor-element-17115db elementor-section-full_width elementor-section-height-default elementor-section-height-default\" data-id=\"17115db\" data-element_type=\"section\" data-e-type=\"section\">\n\t\t\t\t\t\t<div class=\"elementor-container elementor-column-gap-default\">\n\t\t\t\t\t<div class=\"elementor-column elementor-col-33 elementor-inner-column elementor-element elementor-element-a0a6433\" data-id=\"a0a6433\" data-element_type=\"column\" data-e-type=\"column\">\n\t\t\t<div class=\"elementor-widget-wrap elementor-element-populated\">\n\t\t\t\t\t\t<div class=\"elementor-element elementor-element-4a6db4f elementor-flip-box--effect-flip elementor-flip-box--direction-up elementor-widget elementor-widget-flip-box\" data-id=\"4a6db4f\" data-element_type=\"widget\" data-e-type=\"widget\" data-widget_type=\"flip-box.default\">\n\t\t\t\t<div class=\"elementor-widget-container\">\n\t\t\t\t\t\t\t<div class=\"elementor-flip-box\" tabindex=\"0\">\n\t\t\t<div class=\"elementor-flip-box__layer elementor-flip-box__front\">\n\t\t\t\t<div class=\"elementor-flip-box__layer__overlay\">\n\t\t\t\t\t<div class=\"elementor-flip-box__layer__inner\">\n\t\t\t\t\t\t\n\t\t\t\t\t\t\t\t\t\t\t\t\t<h3 class=\"elementor-flip-box__layer__title\">\n\t\t\t\t\t\t\t\tContrataci\u00f3n \t\t\t\t\t\t\t<\/h3>\n\t\t\t\t\t\t\n\t\t\t\t\t\t\t\t\t\t\t\t\t<div class=\"elementor-flip-box__layer__description\">\n\t\t\t\t\t\t\t\tTe asesoramos en la contrataci\u00f3n de personas con discapacidad intelectual, buscamos perfiles que se adapten al puesto de trabajo y realizamos un seguimiento de la inserci\u00f3n. \t\t\t\t\t\t\t<\/div>\n\t\t\t\t\t\t\t\t\t\t\t<\/div>\n\t\t\t\t<\/div>\n\t\t\t<\/div>\n\t\t\t<div class=\"elementor-flip-box__layer elementor-flip-box__back\">\n\t\t\t<div class=\"elementor-flip-box__layer__overlay\">\n\t\t\t\t<div class=\"elementor-flip-box__layer__inner\">\n\t\t\t\t\t\n\t\t\t\t\t\n\t\t\t\t\t\t\t\t<\/div>\n\t\t<\/div>\n\t\t<\/div>\n\t\t<\/div>\n\t\t\t\t\t\t<\/div>\n\t\t\t\t<\/div>\n\t\t\t\t\t<\/div>\n\t\t<\/div>\n\t\t\t\t<div class=\"elementor-column elementor-col-33 elementor-inner-column elementor-element elementor-element-0ca22d7\" data-id=\"0ca22d7\" data-element_type=\"column\" data-e-type=\"column\">\n\t\t\t<div class=\"elementor-widget-wrap elementor-element-populated\">\n\t\t\t\t\t\t<div class=\"elementor-element elementor-element-eb5cd27 elementor-flip-box--effect-flip elementor-flip-box--direction-up elementor-widget elementor-widget-flip-box\" data-id=\"eb5cd27\" data-element_type=\"widget\" data-e-type=\"widget\" data-widget_type=\"flip-box.default\">\n\t\t\t\t<div class=\"elementor-widget-container\">\n\t\t\t\t\t\t\t<div class=\"elementor-flip-box\" tabindex=\"0\">\n\t\t\t<div class=\"elementor-flip-box__layer elementor-flip-box__front\">\n\t\t\t\t<div class=\"elementor-flip-box__layer__overlay\">\n\t\t\t\t\t<div class=\"elementor-flip-box__layer__inner\">\n\t\t\t\t\t\t\n\t\t\t\t\t\t\t\t\t\t\t\t\t<h3 class=\"elementor-flip-box__layer__title\">\n\t\t\t\t\t\t\t\tPr\u00e1cticas \t\t\t\t\t\t\t<\/h3>\n\t\t\t\t\t\t\n\t\t\t\t\t\t\t\t\t\t\t\t\t<div class=\"elementor-flip-box__layer__description\">\n\t\t\t\t\t\t\t\tUna oportunidad perfecta para instruir en un \u00e1mbito de trabajo concreto y mejorar as\u00ed las competencias laborales de las personas. \t\t\t\t\t\t\t<\/div>\n\t\t\t\t\t\t\t\t\t\t\t<\/div>\n\t\t\t\t<\/div>\n\t\t\t<\/div>\n\t\t\t<div class=\"elementor-flip-box__layer elementor-flip-box__back\">\n\t\t\t<div class=\"elementor-flip-box__layer__overlay\">\n\t\t\t\t<div class=\"elementor-flip-box__layer__inner\">\n\t\t\t\t\t\n\t\t\t\t\t\n\t\t\t\t\t\t\t\t<\/div>\n\t\t<\/div>\n\t\t<\/div>\n\t\t<\/div>\n\t\t\t\t\t\t<\/div>\n\t\t\t\t<\/div>\n\t\t\t\t\t<\/div>\n\t\t<\/div>\n\t\t\t\t<div class=\"elementor-column elementor-col-33 elementor-inner-column elementor-element elementor-element-cb754d5\" data-id=\"cb754d5\" data-element_type=\"column\" data-e-type=\"column\">\n\t\t\t<div class=\"elementor-widget-wrap elementor-element-populated\">\n\t\t\t\t\t\t<div class=\"elementor-element elementor-element-44f74af elementor-flip-box--effect-flip elementor-flip-box--direction-up elementor-widget elementor-widget-flip-box\" data-id=\"44f74af\" data-element_type=\"widget\" data-e-type=\"widget\" data-widget_type=\"flip-box.default\">\n\t\t\t\t<div class=\"elementor-widget-container\">\n\t\t\t\t\t\t\t<div class=\"elementor-flip-box\" tabindex=\"0\">\n\t\t\t<div class=\"elementor-flip-box__layer elementor-flip-box__front\">\n\t\t\t\t<div class=\"elementor-flip-box__layer__overlay\">\n\t\t\t\t\t<div class=\"elementor-flip-box__layer__inner\">\n\t\t\t\t\t\t\n\t\t\t\t\t\t\t\t\t\t\t\t\t<h3 class=\"elementor-flip-box__layer__title\">\n\t\t\t\t\t\t\t\tAcciones formativas \t\t\t\t\t\t\t<\/h3>\n\t\t\t\t\t\t\n\t\t\t\t\t\t\t\t\t\t\t\t\t<div class=\"elementor-flip-box__layer__description\">\n\t\t\t\t\t\t\t\tConocer el funcionamiento de las empresas y de las tareas que realizan contribuye a mejorar el aprendizaje de las personas y a que se conviertan en excelentes profesionales. \t\t\t\t\t\t\t<\/div>\n\t\t\t\t\t\t\t\t\t\t\t<\/div>\n\t\t\t\t<\/div>\n\t\t\t<\/div>\n\t\t\t<div class=\"elementor-flip-box__layer elementor-flip-box__back\">\n\t\t\t<div class=\"elementor-flip-box__layer__overlay\">\n\t\t\t\t<div class=\"elementor-flip-box__layer__inner\">\n\t\t\t\t\t\n\t\t\t\t\t\n\t\t\t\t\t\t\t\t<\/div>\n\t\t<\/div>\n\t\t<\/div>\n\t\t<\/div>\n\t\t\t\t\t\t<\/div>\n\t\t\t\t<\/div>\n\t\t\t\t\t<\/div>\n\t\t<\/div>\n\t\t\t\t\t<\/div>\n\t\t<\/section>\n\t\t\t\t<section class=\"elementor-section elementor-inner-section elementor-element elementor-element-ff170b8 elementor-section-full_width elementor-reverse-mobile elementor-section-height-default elementor-section-height-default\" data-id=\"ff170b8\" data-element_type=\"section\" data-e-type=\"section\">\n\t\t\t\t\t\t<div class=\"elementor-container elementor-column-gap-default\">\n\t\t\t\t\t<div class=\"elementor-column elementor-col-33 elementor-inner-column elementor-element elementor-element-b3e6769\" data-id=\"b3e6769\" data-element_type=\"column\" data-e-type=\"column\">\n\t\t\t<div class=\"elementor-widget-wrap elementor-element-populated\">\n\t\t\t\t\t\t<div class=\"elementor-element elementor-element-7da1be2 elementor-flip-box--effect-flip elementor-flip-box--direction-up elementor-widget elementor-widget-flip-box\" data-id=\"7da1be2\" data-element_type=\"widget\" data-e-type=\"widget\" data-widget_type=\"flip-box.default\">\n\t\t\t\t<div class=\"elementor-widget-container\">\n\t\t\t\t\t\t\t<div class=\"elementor-flip-box\" tabindex=\"0\">\n\t\t\t<div class=\"elementor-flip-box__layer elementor-flip-box__front\">\n\t\t\t\t<div class=\"elementor-flip-box__layer__overlay\">\n\t\t\t\t\t<div class=\"elementor-flip-box__layer__inner\">\n\t\t\t\t\t\t\n\t\t\t\t\t\t\t\t\t\t\t\t\t<h3 class=\"elementor-flip-box__layer__title\">\n\t\t\t\t\t\t\t\tEnclaves \t\t\t\t\t\t\t<\/h3>\n\t\t\t\t\t\t\n\t\t\t\t\t\t\t\t\t\t\t\t\t<div class=\"elementor-flip-box__layer__description\">\n\t\t\t\t\t\t\t\tLas empresas tambi\u00e9n pueden formalizar colaboraciones con un centro especial de trabajo para incorporar al mercado ordinario a personas trabajadoras con discapacidad, que realizar\u00e1n las tareas propias de la empresa. \t\t\t\t\t\t\t<\/div>\n\t\t\t\t\t\t\t\t\t\t\t<\/div>\n\t\t\t\t<\/div>\n\t\t\t<\/div>\n\t\t\t<div class=\"elementor-flip-box__layer elementor-flip-box__back\">\n\t\t\t<div class=\"elementor-flip-box__layer__overlay\">\n\t\t\t\t<div class=\"elementor-flip-box__layer__inner\">\n\t\t\t\t\t\n\t\t\t\t\t\n\t\t\t\t\t\t\t\t<\/div>\n\t\t<\/div>\n\t\t<\/div>\n\t\t<\/div>\n\t\t\t\t\t\t<\/div>\n\t\t\t\t<\/div>\n\t\t\t\t\t<\/div>\n\t\t<\/div>\n\t\t\t\t<div class=\"elementor-column elementor-col-66 elementor-inner-column elementor-element elementor-element-a480119\" data-id=\"a480119\" data-element_type=\"column\" data-e-type=\"column\">\n\t\t\t<div class=\"elementor-widget-wrap elementor-element-populated\">\n\t\t\t\t\t\t<div class=\"elementor-element elementor-element-aee169c elementor-flip-box--effect-flip elementor-flip-box--direction-up elementor-widget elementor-widget-flip-box\" data-id=\"aee169c\" data-element_type=\"widget\" data-e-type=\"widget\" data-widget_type=\"flip-box.default\">\n\t\t\t\t<div class=\"elementor-widget-container\">\n\t\t\t\t\t\t\t<div class=\"elementor-flip-box\" tabindex=\"0\">\n\t\t\t<div class=\"elementor-flip-box__layer elementor-flip-box__front\">\n\t\t\t\t<div class=\"elementor-flip-box__layer__overlay\">\n\t\t\t\t\t<div class=\"elementor-flip-box__layer__inner\">\n\t\t\t\t\t\t\n\t\t\t\t\t\t\t\t\t\t\t\t\t<h3 class=\"elementor-flip-box__layer__title\">\n\t\t\t\t\t\t\t\tAsesoramiento en la Ley General de la Discapacidad \t\t\t\t\t\t\t<\/h3>\n\t\t\t\t\t\t\n\t\t\t\t\t\t\t\t\t\t\t\t\t<div class=\"elementor-flip-box__layer__description\">\n\t\t\t\t\t\t\t\tTe ofrecemos toda nuestra experiencia y asesoramiento en el cumplimiento de la LGD, de reserva del 2% de la plantilla para personas con discapacidad, y\/o medidas alternativas. Tambi\u00e9n en enclaves laborales, a los que acude un equipo de profesionales liderados por un jefe, y que permiten la externalizaci\u00f3n de procesos internos, Este equipo se encarga de desarrollar las tareas que la empresa necesita. Servicios in-company. \t\t\t\t\t\t\t<\/div>\n\t\t\t\t\t\t\t\t\t\t\t<\/div>\n\t\t\t\t<\/div>\n\t\t\t<\/div>\n\t\t\t<div class=\"elementor-flip-box__layer elementor-flip-box__back\">\n\t\t\t<div class=\"elementor-flip-box__layer__overlay\">\n\t\t\t\t<div class=\"elementor-flip-box__layer__inner\">\n\t\t\t\t\t\n\t\t\t\t\t\n\t\t\t\t\t\t\t\t<\/div>\n\t\t<\/div>\n\t\t<\/div>\n\t\t<\/div>\n\t\t\t\t\t\t<\/div>\n\t\t\t\t<\/div>\n\t\t\t\t\t<\/div>\n\t\t<\/div>\n\t\t\t\t\t<\/div>\n\t\t<\/section>\n\t\t\t\t\t<\/div>\n\t\t<\/div>\n\t\t\t\t\t<\/div>\n\t\t<\/section>\n\t\t\t\t<\/div>\n\t\t","protected":false},"excerpt":{"rendered":"<p>Hacemos RSC juntos Servicio de inserci\u00f3n laboral Servicios Contrataci\u00f3n Te asesoramos en la contrataci\u00f3n de personas con discapacidad intelectual, buscamos perfiles que se adapten al puesto de trabajo y realizamos un seguimiento de la inserci\u00f3n. Pr\u00e1cticas Una oportunidad perfecta para instruir en un \u00e1mbito de trabajo concreto y mejorar as\u00ed las competencias laborales de las [&hellip;]<\/p>\n","protected":false},"author":1,"featured_media":0,"parent":10198,"menu_order":0,"comment_status":"closed","ping_status":"closed","template":"","meta":{"give_campaign_id":0,"site-sidebar-layout":"no-sidebar","site-content-layout":"page-builder","ast-site-content-layout":"default","site-content-style":"default","site-sidebar-style":"default","ast-global-header-display":"","ast-banner-title-visibility":"","ast-main-header-display":"","ast-hfb-above-header-display":"","ast-hfb-below-header-display":"","ast-hfb-mobile-header-display":"","site-post-title":"disabled","ast-breadcrumbs-content":"","ast-featured-img":"disabled","footer-sml-layout":"","ast-disable-related-posts":"","theme-transparent-header-meta":"","adv-header-id-meta":"","stick-header-meta":"","header-above-stick-meta":"","header-main-stick-meta":"","header-below-stick-meta":"","astra-migrate-meta-layouts":"default","ast-page-background-enabled":"default","ast-page-background-meta":{"desktop":{"background-color":"var(--ast-global-color-4)","background-image":"","background-repeat":"repeat","background-position":"center center","background-size":"auto","background-attachment":"scroll","background-type":"","background-media":"","overlay-type":"","overlay-color":"","overlay-opacity":"","overlay-gradient":""},"tablet":{"background-color":"","background-image":"","background-repeat":"repeat","background-position":"center center","background-size":"auto","background-attachment":"scroll","background-type":"","background-media":"","overlay-type":"","overlay-color":"","overlay-opacity":"","overlay-gradient":""},"mobile":{"background-color":"","background-image":"","background-repeat":"repeat","background-position":"center center","background-size":"auto","background-attachment":"scroll","background-type":"","background-media":"","overlay-type":"","overlay-color":"","overlay-opacity":"","overlay-gradient":""}},"ast-content-background-meta":{"desktop":{"background-color":"var(--ast-global-color-5)","background-image":"","background-repeat":"repeat","background-position":"center center","background-size":"auto","background-attachment":"scroll","background-type":"","background-media":"","overlay-type":"","overlay-color":"","overlay-opacity":"","overlay-gradient":""},"tablet":{"background-color":"var(--ast-global-color-5)","background-image":"","background-repeat":"repeat","background-position":"center center","background-size":"auto","background-attachment":"scroll","background-type":"","background-media":"","overlay-type":"","overlay-color":"","overlay-opacity":"","overlay-gradient":""},"mobile":{"background-color":"var(--ast-global-color-5)","background-image":"","background-repeat":"repeat","background-position":"center center","background-size":"auto","background-attachment":"scroll","background-type":"","background-media":"","overlay-type":"","overlay-color":"","overlay-opacity":"","overlay-gradient":""}},"footnotes":""},"class_list":["post-10180","page","type-page","status-publish","hentry"],"yoast_head":"<!-- This site is optimized with the Yoast SEO plugin v27.2 - https:\/\/yoast.com\/product\/yoast-seo-wordpress\/ -->\n<title>Servicio de inserci\u00f3n laboral - Fundaci\u00f3 Aspros \u2013 Servei Integral per la discapacitat ps\u00edquica<\/title>\n<meta name=\"robots\" content=\"index, follow, max-snippet:-1, max-image-preview:large, max-video-preview:-1\" \/>\n<link rel=\"canonical\" href=\"https:\/\/aspros.cat\/fem-rsc-junts\/servei-dinsercio-laboral\/\" \/>\n<meta property=\"og:locale\" content=\"es_ES\" \/>\n<meta property=\"og:type\" content=\"article\" \/>\n<meta property=\"og:title\" content=\"Servicio de inserci\u00f3n laboral - Fundaci\u00f3 Aspros \u2013 Servei Integral per la discapacitat ps\u00edquica\" \/>\n<meta property=\"og:description\" content=\"Hacemos RSC juntos Servicio de inserci\u00f3n laboral Servicios Contrataci\u00f3n Te asesoramos en la contrataci\u00f3n de personas con discapacidad intelectual, buscamos perfiles que se adapten al puesto de trabajo y realizamos un seguimiento de la inserci\u00f3n. Pr\u00e1cticas Una oportunidad perfecta para instruir en un \u00e1mbito de trabajo concreto y mejorar as\u00ed las competencias laborales de las [&hellip;]\" \/>\n<meta property=\"og:url\" content=\"https:\/\/aspros.cat\/fem-rsc-junts\/servei-dinsercio-laboral\/\" \/>\n<meta property=\"og:site_name\" content=\"Fundaci\u00f3 Aspros \u2013 Servei Integral per la discapacitat ps\u00edquica\" \/>\n<meta property=\"article:modified_time\" content=\"2022-11-11T08:54:13+00:00\" \/>\n<meta name=\"twitter:card\" content=\"summary_large_image\" \/>\n<meta name=\"twitter:label1\" content=\"Tiempo de lectura\" \/>\n\t<meta name=\"twitter:data1\" content=\"1 minuto\" \/>\n<script type=\"application\/ld+json\" class=\"yoast-schema-graph\">{\"@context\":\"https:\/\/schema.org\",\"@graph\":[{\"@type\":\"WebPage\",\"@id\":\"https:\/\/aspros.cat\/fem-rsc-junts\/servei-dinsercio-laboral\/\",\"url\":\"https:\/\/aspros.cat\/fem-rsc-junts\/servei-dinsercio-laboral\/\",\"name\":\"Servicio de inserci\u00f3n laboral - Fundaci\u00f3 Aspros \u2013 Servei Integral per la discapacitat ps\u00edquica\",\"isPartOf\":{\"@id\":\"https:\/\/aspros.cat\/#website\"},\"datePublished\":\"2022-03-24T08:40:45+00:00\",\"dateModified\":\"2022-11-11T08:54:13+00:00\",\"breadcrumb\":{\"@id\":\"https:\/\/aspros.cat\/fem-rsc-junts\/servei-dinsercio-laboral\/#breadcrumb\"},\"inLanguage\":\"es\",\"potentialAction\":[{\"@type\":\"ReadAction\",\"target\":[\"https:\/\/aspros.cat\/fem-rsc-junts\/servei-dinsercio-laboral\/\"]}]},{\"@type\":\"BreadcrumbList\",\"@id\":\"https:\/\/aspros.cat\/fem-rsc-junts\/servei-dinsercio-laboral\/#breadcrumb\",\"itemListElement\":[{\"@type\":\"ListItem\",\"position\":1,\"name\":\"Inici\",\"item\":\"https:\/\/aspros.cat\/\"},{\"@type\":\"ListItem\",\"position\":2,\"name\":\"Hacemos RSC juntos\",\"item\":\"https:\/\/aspros.cat\/fem-rsc-junts\/\"},{\"@type\":\"ListItem\",\"position\":3,\"name\":\"Servicio de inserci\u00f3n laboral\"}]},{\"@type\":\"WebSite\",\"@id\":\"https:\/\/aspros.cat\/#website\",\"url\":\"https:\/\/aspros.cat\/\",\"name\":\"Fundaci\u00f3 Aspros \u2013 Servei Integral per la discapacitat ps\u00edquica\",\"description\":\"Otro sitio realizado con WordPress\",\"publisher\":{\"@id\":\"https:\/\/aspros.cat\/#organization\"},\"potentialAction\":[{\"@type\":\"SearchAction\",\"target\":{\"@type\":\"EntryPoint\",\"urlTemplate\":\"https:\/\/aspros.cat\/?s={search_term_string}\"},\"query-input\":{\"@type\":\"PropertyValueSpecification\",\"valueRequired\":true,\"valueName\":\"search_term_string\"}}],\"inLanguage\":\"es\"},{\"@type\":\"Organization\",\"@id\":\"https:\/\/aspros.cat\/#organization\",\"name\":\"Fundaci\u00f3 Aspros \u2013 Servei Integral per la discapacitat ps\u00edquica\",\"url\":\"https:\/\/aspros.cat\/\",\"logo\":{\"@type\":\"ImageObject\",\"inLanguage\":\"es\",\"@id\":\"https:\/\/aspros.cat\/#\/schema\/logo\/image\/\",\"url\":\"https:\/\/aspros.cat\/wp-content\/uploads\/2021\/11\/cropped-ASPROS_positiu.png\",\"contentUrl\":\"https:\/\/aspros.cat\/wp-content\/uploads\/2021\/11\/cropped-ASPROS_positiu.png\",\"width\":1200,\"height\":400,\"caption\":\"Fundaci\u00f3 Aspros \u2013 Servei Integral per la discapacitat ps\u00edquica\"},\"image\":{\"@id\":\"https:\/\/aspros.cat\/#\/schema\/logo\/image\/\"}}]}<\/script>\n<!-- \/ Yoast SEO plugin. -->","yoast_head_json":{"title":"Servicio de inserci\u00f3n laboral - Fundaci\u00f3 Aspros \u2013 Servei Integral per la discapacitat ps\u00edquica","robots":{"index":"index","follow":"follow","max-snippet":"max-snippet:-1","max-image-preview":"max-image-preview:large","max-video-preview":"max-video-preview:-1"},"canonical":"https:\/\/aspros.cat\/fem-rsc-junts\/servei-dinsercio-laboral\/","og_locale":"es_ES","og_type":"article","og_title":"Servicio de inserci\u00f3n laboral - Fundaci\u00f3 Aspros \u2013 Servei Integral per la discapacitat ps\u00edquica","og_description":"Hacemos RSC juntos Servicio de inserci\u00f3n laboral Servicios Contrataci\u00f3n Te asesoramos en la contrataci\u00f3n de personas con discapacidad intelectual, buscamos perfiles que se adapten al puesto de trabajo y realizamos un seguimiento de la inserci\u00f3n. Pr\u00e1cticas Una oportunidad perfecta para instruir en un \u00e1mbito de trabajo concreto y mejorar as\u00ed las competencias laborales de las [&hellip;]","og_url":"https:\/\/aspros.cat\/fem-rsc-junts\/servei-dinsercio-laboral\/","og_site_name":"Fundaci\u00f3 Aspros \u2013 Servei Integral per la discapacitat ps\u00edquica","article_modified_time":"2022-11-11T08:54:13+00:00","twitter_card":"summary_large_image","twitter_misc":{"Tiempo de lectura":"1 minuto"},"schema":{"@context":"https:\/\/schema.org","@graph":[{"@type":"WebPage","@id":"https:\/\/aspros.cat\/fem-rsc-junts\/servei-dinsercio-laboral\/","url":"https:\/\/aspros.cat\/fem-rsc-junts\/servei-dinsercio-laboral\/","name":"Servicio de inserci\u00f3n laboral - Fundaci\u00f3 Aspros \u2013 Servei Integral per la discapacitat ps\u00edquica","isPartOf":{"@id":"https:\/\/aspros.cat\/#website"},"datePublished":"2022-03-24T08:40:45+00:00","dateModified":"2022-11-11T08:54:13+00:00","breadcrumb":{"@id":"https:\/\/aspros.cat\/fem-rsc-junts\/servei-dinsercio-laboral\/#breadcrumb"},"inLanguage":"es","potentialAction":[{"@type":"ReadAction","target":["https:\/\/aspros.cat\/fem-rsc-junts\/servei-dinsercio-laboral\/"]}]},{"@type":"BreadcrumbList","@id":"https:\/\/aspros.cat\/fem-rsc-junts\/servei-dinsercio-laboral\/#breadcrumb","itemListElement":[{"@type":"ListItem","position":1,"name":"Inici","item":"https:\/\/aspros.cat\/"},{"@type":"ListItem","position":2,"name":"Hacemos RSC juntos","item":"https:\/\/aspros.cat\/fem-rsc-junts\/"},{"@type":"ListItem","position":3,"name":"Servicio de inserci\u00f3n laboral"}]},{"@type":"WebSite","@id":"https:\/\/aspros.cat\/#website","url":"https:\/\/aspros.cat\/","name":"Fundaci\u00f3 Aspros \u2013 Servei Integral per la discapacitat ps\u00edquica","description":"Otro sitio realizado con WordPress","publisher":{"@id":"https:\/\/aspros.cat\/#organization"},"potentialAction":[{"@type":"SearchAction","target":{"@type":"EntryPoint","urlTemplate":"https:\/\/aspros.cat\/?s={search_term_string}"},"query-input":{"@type":"PropertyValueSpecification","valueRequired":true,"valueName":"search_term_string"}}],"inLanguage":"es"},{"@type":"Organization","@id":"https:\/\/aspros.cat\/#organization","name":"Fundaci\u00f3 Aspros \u2013 Servei Integral per la discapacitat ps\u00edquica","url":"https:\/\/aspros.cat\/","logo":{"@type":"ImageObject","inLanguage":"es","@id":"https:\/\/aspros.cat\/#\/schema\/logo\/image\/","url":"https:\/\/aspros.cat\/wp-content\/uploads\/2021\/11\/cropped-ASPROS_positiu.png","contentUrl":"https:\/\/aspros.cat\/wp-content\/uploads\/2021\/11\/cropped-ASPROS_positiu.png","width":1200,"height":400,"caption":"Fundaci\u00f3 Aspros \u2013 Servei Integral per la discapacitat ps\u00edquica"},"image":{"@id":"https:\/\/aspros.cat\/#\/schema\/logo\/image\/"}}]}},"campaignId":"","_links":{"self":[{"href":"https:\/\/aspros.cat\/es\/wp-json\/wp\/v2\/pages\/10180","targetHints":{"allow":["GET"]}}],"collection":[{"href":"https:\/\/aspros.cat\/es\/wp-json\/wp\/v2\/pages"}],"about":[{"href":"https:\/\/aspros.cat\/es\/wp-json\/wp\/v2\/types\/page"}],"author":[{"embeddable":true,"href":"https:\/\/aspros.cat\/es\/wp-json\/wp\/v2\/users\/1"}],"replies":[{"embeddable":true,"href":"https:\/\/aspros.cat\/es\/wp-json\/wp\/v2\/comments?post=10180"}],"version-history":[{"count":1,"href":"https:\/\/aspros.cat\/es\/wp-json\/wp\/v2\/pages\/10180\/revisions"}],"predecessor-version":[{"id":10181,"href":"https:\/\/aspros.cat\/es\/wp-json\/wp\/v2\/pages\/10180\/revisions\/10181"}],"up":[{"embeddable":true,"href":"https:\/\/aspros.cat\/es\/wp-json\/wp\/v2\/pages\/10198"}],"wp:attachment":[{"href":"https:\/\/aspros.cat\/es\/wp-json\/wp\/v2\/media?parent=10180"}],"curies":[{"name":"wp","href":"https:\/\/api.w.org\/{rel}","templated":true}]}}