{"id":10145,"date":"2022-02-17T09:11:01","date_gmt":"2022-02-17T09:11:01","guid":{"rendered":"https:\/\/aspros.cat\/quienes-somos\/"},"modified":"2025-07-30T15:48:41","modified_gmt":"2025-07-30T15:48:41","slug":"quienes-somos","status":"publish","type":"page","link":"https:\/\/aspros.cat\/es\/quienes-somos\/","title":{"rendered":"\u00bfQui\u00e9nes somos?"},"content":{"rendered":"\t\t<div data-elementor-type=\"wp-page\" data-elementor-id=\"10145\" class=\"elementor elementor-10145 elementor-983\" data-elementor-post-type=\"page\">\n\t\t\t\t\t\t<section class=\"elementor-section elementor-top-section elementor-element elementor-element-6ac2532 elementor-section-full_width elementor-section-height-default elementor-section-height-default\" data-id=\"6ac2532\" data-element_type=\"section\" data-e-type=\"section\" data-settings=\"{&quot;background_background&quot;:&quot;classic&quot;}\">\n\t\t\t\t\t\t\t<div class=\"elementor-background-overlay\"><\/div>\n\t\t\t\t\t\t\t<div class=\"elementor-container elementor-column-gap-no\">\n\t\t\t\t\t<div class=\"elementor-column elementor-col-100 elementor-top-column elementor-element elementor-element-37daef25\" data-id=\"37daef25\" data-element_type=\"column\" data-e-type=\"column\">\n\t\t\t<div class=\"elementor-widget-wrap elementor-element-populated\">\n\t\t\t\t\t\t<div class=\"elementor-element elementor-element-84f2feb elementor-widget elementor-widget-heading\" data-id=\"84f2feb\" data-element_type=\"widget\" data-e-type=\"widget\" data-widget_type=\"heading.default\">\n\t\t\t\t<div class=\"elementor-widget-container\">\n\t\t\t\t\t<h5 class=\"elementor-heading-title elementor-size-default\">60 a\u00f1os caminando juntos<\/h5>\t\t\t\t<\/div>\n\t\t\t\t<\/div>\n\t\t\t\t<div class=\"elementor-element elementor-element-6f8b9afe elementor-widget elementor-widget-heading\" data-id=\"6f8b9afe\" data-element_type=\"widget\" data-e-type=\"widget\" data-widget_type=\"heading.default\">\n\t\t\t\t<div class=\"elementor-widget-container\">\n\t\t\t\t\t<h1 class=\"elementor-heading-title elementor-size-default\">\u00bfQui\u00e9nes somos?<\/h1>\t\t\t\t<\/div>\n\t\t\t\t<\/div>\n\t\t\t\t\t<\/div>\n\t\t<\/div>\n\t\t\t\t\t<\/div>\n\t\t<\/section>\n\t\t\t\t<section class=\"elementor-section elementor-top-section elementor-element elementor-element-6c1b8d30 elementor-section-boxed elementor-section-height-default elementor-section-height-default\" data-id=\"6c1b8d30\" data-element_type=\"section\" data-e-type=\"section\">\n\t\t\t\t\t\t<div class=\"elementor-container elementor-column-gap-no\">\n\t\t\t\t\t<div class=\"elementor-column elementor-col-50 elementor-top-column elementor-element elementor-element-7cf152fc\" data-id=\"7cf152fc\" data-element_type=\"column\" data-e-type=\"column\">\n\t\t\t<div class=\"elementor-widget-wrap elementor-element-populated\">\n\t\t\t\t\t\t<div class=\"elementor-element elementor-element-a757ed4 blueTitle elementor-widget elementor-widget-heading\" data-id=\"a757ed4\" data-element_type=\"widget\" data-e-type=\"widget\" data-widget_type=\"heading.default\">\n\t\t\t\t<div class=\"elementor-widget-container\">\n\t\t\t\t\t<h1 class=\"elementor-heading-title elementor-size-default\">Impulsamos la igualdad de oportunidades y la promoci\u00f3n social individual para construir una sociedad justa y equitativa para todos<\/h1>\t\t\t\t<\/div>\n\t\t\t\t<\/div>\n\t\t\t\t\t<\/div>\n\t\t<\/div>\n\t\t\t\t<div class=\"elementor-column elementor-col-50 elementor-top-column elementor-element elementor-element-736e3bc\" data-id=\"736e3bc\" data-element_type=\"column\" data-e-type=\"column\">\n\t\t\t<div class=\"elementor-widget-wrap elementor-element-populated\">\n\t\t\t\t\t\t<div class=\"elementor-element elementor-element-7b47bb85 description elementor-widget elementor-widget-text-editor\" data-id=\"7b47bb85\" data-element_type=\"widget\" data-e-type=\"widget\" data-widget_type=\"text-editor.default\">\n\t\t\t\t<div class=\"elementor-widget-container\">\n\t\t\t\t\t\t\t\t\t<p>Somos una entidad privada sin \u00e1nimo de lucro que, desde 1962, trabaja para impulsar la inclusi\u00f3n de las personas con discapacidad intelectual y enfermedades mentales, as\u00ed como para garantizar su calidad de vida. Lo hacemos junto con las familias, las administraciones y las entidades p\u00fablicas.<\/p>\n<p>Nuestros m\u00e1s de 60 a\u00f1os de trayectoria nos posicionan como referentes en la sensibilizaci\u00f3n sobre las discapacidades ps\u00edquicas y como entidad pionera en el desarrollo de programas dirigidos a favorecer la inserci\u00f3n social y laboral de las personas con dichas discapacidades.<\/p>\n\t\t\t\t\t\t\t\t<\/div>\n\t\t\t\t<\/div>\n\t\t\t\t<div class=\"elementor-element elementor-element-b29f659 elementor-widget elementor-widget-button\" data-id=\"b29f659\" data-element_type=\"widget\" data-e-type=\"widget\" data-widget_type=\"button.default\">\n\t\t\t\t<div class=\"elementor-widget-container\">\n\t\t\t\t\t\t\t\t\t<div class=\"elementor-button-wrapper\">\n\t\t\t\t\t<a class=\"elementor-button elementor-button-link elementor-size-sm\" href=\"https:\/\/aspros.cat\/wp-content\/uploads\/2024\/07\/RE-GEN-01-Carta-de-serveis-entitat.pdf\">\n\t\t\t\t\t\t<span class=\"elementor-button-content-wrapper\">\n\t\t\t\t\t\t\t\t\t<span class=\"elementor-button-text\">Consulta la carta de servicios<\/span>\n\t\t\t\t\t<\/span>\n\t\t\t\t\t<\/a>\n\t\t\t\t<\/div>\n\t\t\t\t\t\t\t\t<\/div>\n\t\t\t\t<\/div>\n\t\t\t\t\t<\/div>\n\t\t<\/div>\n\t\t\t\t\t<\/div>\n\t\t<\/section>\n\t\t\t\t<section class=\"elementor-section elementor-top-section elementor-element elementor-element-45af203b elementor-section-boxed elementor-section-height-default elementor-section-height-default\" data-id=\"45af203b\" data-element_type=\"section\" data-e-type=\"section\" data-settings=\"{&quot;background_background&quot;:&quot;classic&quot;}\">\n\t\t\t\t\t\t<div class=\"elementor-container elementor-column-gap-no\">\n\t\t\t\t\t<div class=\"elementor-column elementor-col-50 elementor-top-column elementor-element elementor-element-37066671\" data-id=\"37066671\" data-element_type=\"column\" data-e-type=\"column\">\n\t\t\t<div class=\"elementor-widget-wrap elementor-element-populated\">\n\t\t\t\t\t\t<div class=\"elementor-element elementor-element-3f821474 yellowSubtitle elementor-widget elementor-widget-heading\" data-id=\"3f821474\" data-element_type=\"widget\" data-e-type=\"widget\" data-widget_type=\"heading.default\">\n\t\t\t\t<div class=\"elementor-widget-container\">\n\t\t\t\t\t<h3 class=\"elementor-heading-title elementor-size-default\">Un modelo centrado en las personas <\/h3>\t\t\t\t<\/div>\n\t\t\t\t<\/div>\n\t\t\t\t<div class=\"elementor-element elementor-element-d53bf5c description elementor-widget elementor-widget-text-editor\" data-id=\"d53bf5c\" data-element_type=\"widget\" data-e-type=\"widget\" data-widget_type=\"text-editor.default\">\n\t\t\t\t<div class=\"elementor-widget-container\">\n\t\t\t\t\t\t\t\t\t<p>Actualmente, en la Fundaci\u00f3n Aspros atendemos a m\u00e1s de 670 personas y a sus familias. Son personas con distintos grados de discapacidad intelectual y de etiolog\u00edas diversas, como s\u00edndrome de Down, encefalopat\u00edas, trastornos metab\u00f3licos e incompatibilidades Rh, entre otras. Adem\u00e1s, tambi\u00e9n cuidamos a personas que tienen discapacidades f\u00edsicas con afectaciones motrices graves, a personas con discapacidades sensoriales y a enfermos mentales cr\u00f3nicos.<\/p>\n\t\t\t\t\t\t\t\t<\/div>\n\t\t\t\t<\/div>\n\t\t\t\t\t<\/div>\n\t\t<\/div>\n\t\t\t\t<div class=\"elementor-column elementor-col-50 elementor-top-column elementor-element elementor-element-75429f9\" data-id=\"75429f9\" data-element_type=\"column\" data-e-type=\"column\">\n\t\t\t<div class=\"elementor-widget-wrap elementor-element-populated\">\n\t\t\t\t\t\t<section class=\"elementor-section elementor-inner-section elementor-element elementor-element-cb79c7a elementor-section-full_width elementor-section-height-default elementor-section-height-default\" data-id=\"cb79c7a\" data-element_type=\"section\" data-e-type=\"section\">\n\t\t\t\t\t\t<div class=\"elementor-container elementor-column-gap-no\">\n\t\t\t\t\t<div class=\"elementor-column elementor-col-50 elementor-inner-column elementor-element elementor-element-1a77dce0\" data-id=\"1a77dce0\" data-element_type=\"column\" data-e-type=\"column\" data-settings=\"{&quot;background_background&quot;:&quot;classic&quot;}\">\n\t\t\t<div class=\"elementor-widget-wrap elementor-element-populated\">\n\t\t\t\t\t\t<div class=\"elementor-element elementor-element-0a738a5 elementor-widget elementor-widget-elementskit-heading\" data-id=\"0a738a5\" data-element_type=\"widget\" data-e-type=\"widget\" data-widget_type=\"elementskit-heading.default\">\n\t\t\t\t<div class=\"elementor-widget-container\">\n\t\t\t\t\t<div class=\"ekit-wid-con\" ><div class=\"ekit-heading elementskit-section-title-wraper text_center   ekit_heading_tablet-   ekit_heading_mobile-\"><h2 class=\"ekit-heading--title elementskit-section-title \">+679<\/h2><h3 class=\"ekit-heading--subtitle elementskit-section-subtitle  \">\n\t\t\t\t\t\tpersonas atendidas\n\t\t\t\t\t<\/h3><\/div><\/div>\t\t\t\t<\/div>\n\t\t\t\t<\/div>\n\t\t\t\t\t<\/div>\n\t\t<\/div>\n\t\t\t\t<div class=\"elementor-column elementor-col-50 elementor-inner-column elementor-element elementor-element-7084e826\" data-id=\"7084e826\" data-element_type=\"column\" data-e-type=\"column\" data-settings=\"{&quot;background_background&quot;:&quot;classic&quot;}\">\n\t\t\t<div class=\"elementor-widget-wrap elementor-element-populated\">\n\t\t\t\t\t\t<div class=\"elementor-element elementor-element-cc3eef8 elementor-widget elementor-widget-elementskit-heading\" data-id=\"cc3eef8\" data-element_type=\"widget\" data-e-type=\"widget\" data-widget_type=\"elementskit-heading.default\">\n\t\t\t\t<div class=\"elementor-widget-container\">\n\t\t\t\t\t<div class=\"ekit-wid-con\" ><div class=\"ekit-heading elementskit-section-title-wraper text_center   ekit_heading_tablet-   ekit_heading_mobile-\"><h2 class=\"ekit-heading--title elementskit-section-title \">+20<\/h2><h3 class=\"ekit-heading--subtitle elementskit-section-subtitle  \">\n\t\t\t\t\t\tservicios\n\t\t\t\t\t<\/h3><\/div><\/div>\t\t\t\t<\/div>\n\t\t\t\t<\/div>\n\t\t\t\t\t<\/div>\n\t\t<\/div>\n\t\t\t\t\t<\/div>\n\t\t<\/section>\n\t\t\t\t\t<\/div>\n\t\t<\/div>\n\t\t\t\t\t<\/div>\n\t\t<\/section>\n\t\t\t\t<\/div>\n\t\t","protected":false},"excerpt":{"rendered":"<p>60 a\u00f1os caminando juntos \u00bfQui\u00e9nes somos? Impulsamos la igualdad de oportunidades y la promoci\u00f3n social individual para construir una sociedad justa y equitativa para todos Somos una entidad privada sin \u00e1nimo de lucro que, desde 1962, trabaja para impulsar la inclusi\u00f3n de las personas con discapacidad intelectual y enfermedades mentales, as\u00ed como para garantizar su [&hellip;]<\/p>\n","protected":false},"author":1,"featured_media":0,"parent":0,"menu_order":0,"comment_status":"closed","ping_status":"closed","template":"elementor_header_footer","meta":{"give_campaign_id":0,"site-sidebar-layout":"no-sidebar","site-content-layout":"page-builder","ast-site-content-layout":"default","site-content-style":"default","site-sidebar-style":"default","ast-global-header-display":"","ast-banner-title-visibility":"","ast-main-header-display":"","ast-hfb-above-header-display":"","ast-hfb-below-header-display":"","ast-hfb-mobile-header-display":"","site-post-title":"disabled","ast-breadcrumbs-content":"","ast-featured-img":"disabled","footer-sml-layout":"","ast-disable-related-posts":"","theme-transparent-header-meta":"","adv-header-id-meta":"","stick-header-meta":"","header-above-stick-meta":"","header-main-stick-meta":"","header-below-stick-meta":"","astra-migrate-meta-layouts":"default","ast-page-background-enabled":"default","ast-page-background-meta":{"desktop":{"background-color":"var(--ast-global-color-4)","background-image":"","background-repeat":"repeat","background-position":"center center","background-size":"auto","background-attachment":"scroll","background-type":"","background-media":"","overlay-type":"","overlay-color":"","overlay-opacity":"","overlay-gradient":""},"tablet":{"background-color":"","background-image":"","background-repeat":"repeat","background-position":"center center","background-size":"auto","background-attachment":"scroll","background-type":"","background-media":"","overlay-type":"","overlay-color":"","overlay-opacity":"","overlay-gradient":""},"mobile":{"background-color":"","background-image":"","background-repeat":"repeat","background-position":"center center","background-size":"auto","background-attachment":"scroll","background-type":"","background-media":"","overlay-type":"","overlay-color":"","overlay-opacity":"","overlay-gradient":""}},"ast-content-background-meta":{"desktop":{"background-color":"var(--ast-global-color-5)","background-image":"","background-repeat":"repeat","background-position":"center center","background-size":"auto","background-attachment":"scroll","background-type":"","background-media":"","overlay-type":"","overlay-color":"","overlay-opacity":"","overlay-gradient":""},"tablet":{"background-color":"var(--ast-global-color-5)","background-image":"","background-repeat":"repeat","background-position":"center center","background-size":"auto","background-attachment":"scroll","background-type":"","background-media":"","overlay-type":"","overlay-color":"","overlay-opacity":"","overlay-gradient":""},"mobile":{"background-color":"var(--ast-global-color-5)","background-image":"","background-repeat":"repeat","background-position":"center center","background-size":"auto","background-attachment":"scroll","background-type":"","background-media":"","overlay-type":"","overlay-color":"","overlay-opacity":"","overlay-gradient":""}},"footnotes":""},"class_list":["post-10145","page","type-page","status-publish","hentry"],"yoast_head":"<!-- This site is optimized with the Yoast SEO plugin v27.2 - https:\/\/yoast.com\/product\/yoast-seo-wordpress\/ -->\n<title>\u00bfQui\u00e9nes somos? - Fundaci\u00f3 Aspros \u2013 Servei Integral per la discapacitat ps\u00edquica<\/title>\n<meta name=\"robots\" content=\"index, follow, max-snippet:-1, max-image-preview:large, max-video-preview:-1\" \/>\n<link rel=\"canonical\" href=\"https:\/\/aspros.cat\/nosaltres\/\" \/>\n<meta property=\"og:locale\" content=\"es_ES\" \/>\n<meta property=\"og:type\" content=\"article\" \/>\n<meta property=\"og:title\" content=\"\u00bfQui\u00e9nes somos? - Fundaci\u00f3 Aspros \u2013 Servei Integral per la discapacitat ps\u00edquica\" \/>\n<meta property=\"og:description\" content=\"60 a\u00f1os caminando juntos \u00bfQui\u00e9nes somos? Impulsamos la igualdad de oportunidades y la promoci\u00f3n social individual para construir una sociedad justa y equitativa para todos Somos una entidad privada sin \u00e1nimo de lucro que, desde 1962, trabaja para impulsar la inclusi\u00f3n de las personas con discapacidad intelectual y enfermedades mentales, as\u00ed como para garantizar su [&hellip;]\" \/>\n<meta property=\"og:url\" content=\"https:\/\/aspros.cat\/nosaltres\/\" \/>\n<meta property=\"og:site_name\" content=\"Fundaci\u00f3 Aspros \u2013 Servei Integral per la discapacitat ps\u00edquica\" \/>\n<meta property=\"article:modified_time\" content=\"2025-07-30T15:48:41+00:00\" \/>\n<meta name=\"twitter:card\" content=\"summary_large_image\" \/>\n<meta name=\"twitter:label1\" content=\"Tiempo de lectura\" \/>\n\t<meta name=\"twitter:data1\" content=\"1 minuto\" \/>\n<script type=\"application\/ld+json\" class=\"yoast-schema-graph\">{\"@context\":\"https:\/\/schema.org\",\"@graph\":[{\"@type\":\"WebPage\",\"@id\":\"https:\/\/aspros.cat\/nosaltres\/\",\"url\":\"https:\/\/aspros.cat\/nosaltres\/\",\"name\":\"\u00bfQui\u00e9nes somos? - Fundaci\u00f3 Aspros \u2013 Servei Integral per la discapacitat ps\u00edquica\",\"isPartOf\":{\"@id\":\"https:\/\/aspros.cat\/#website\"},\"datePublished\":\"2022-02-17T09:11:01+00:00\",\"dateModified\":\"2025-07-30T15:48:41+00:00\",\"breadcrumb\":{\"@id\":\"https:\/\/aspros.cat\/nosaltres\/#breadcrumb\"},\"inLanguage\":\"es\",\"potentialAction\":[{\"@type\":\"ReadAction\",\"target\":[\"https:\/\/aspros.cat\/nosaltres\/\"]}]},{\"@type\":\"BreadcrumbList\",\"@id\":\"https:\/\/aspros.cat\/nosaltres\/#breadcrumb\",\"itemListElement\":[{\"@type\":\"ListItem\",\"position\":1,\"name\":\"Inici\",\"item\":\"https:\/\/aspros.cat\/\"},{\"@type\":\"ListItem\",\"position\":2,\"name\":\"\u00bfQui\u00e9nes somos?\"}]},{\"@type\":\"WebSite\",\"@id\":\"https:\/\/aspros.cat\/#website\",\"url\":\"https:\/\/aspros.cat\/\",\"name\":\"Fundaci\u00f3 Aspros \u2013 Servei Integral per la discapacitat ps\u00edquica\",\"description\":\"Otro sitio realizado con WordPress\",\"publisher\":{\"@id\":\"https:\/\/aspros.cat\/#organization\"},\"potentialAction\":[{\"@type\":\"SearchAction\",\"target\":{\"@type\":\"EntryPoint\",\"urlTemplate\":\"https:\/\/aspros.cat\/?s={search_term_string}\"},\"query-input\":{\"@type\":\"PropertyValueSpecification\",\"valueRequired\":true,\"valueName\":\"search_term_string\"}}],\"inLanguage\":\"es\"},{\"@type\":\"Organization\",\"@id\":\"https:\/\/aspros.cat\/#organization\",\"name\":\"Fundaci\u00f3 Aspros \u2013 Servei Integral per la discapacitat ps\u00edquica\",\"url\":\"https:\/\/aspros.cat\/\",\"logo\":{\"@type\":\"ImageObject\",\"inLanguage\":\"es\",\"@id\":\"https:\/\/aspros.cat\/#\/schema\/logo\/image\/\",\"url\":\"https:\/\/aspros.cat\/wp-content\/uploads\/2021\/11\/cropped-ASPROS_positiu.png\",\"contentUrl\":\"https:\/\/aspros.cat\/wp-content\/uploads\/2021\/11\/cropped-ASPROS_positiu.png\",\"width\":1200,\"height\":400,\"caption\":\"Fundaci\u00f3 Aspros \u2013 Servei Integral per la discapacitat ps\u00edquica\"},\"image\":{\"@id\":\"https:\/\/aspros.cat\/#\/schema\/logo\/image\/\"}}]}<\/script>\n<!-- \/ Yoast SEO plugin. -->","yoast_head_json":{"title":"\u00bfQui\u00e9nes somos? - Fundaci\u00f3 Aspros \u2013 Servei Integral per la discapacitat ps\u00edquica","robots":{"index":"index","follow":"follow","max-snippet":"max-snippet:-1","max-image-preview":"max-image-preview:large","max-video-preview":"max-video-preview:-1"},"canonical":"https:\/\/aspros.cat\/nosaltres\/","og_locale":"es_ES","og_type":"article","og_title":"\u00bfQui\u00e9nes somos? - Fundaci\u00f3 Aspros \u2013 Servei Integral per la discapacitat ps\u00edquica","og_description":"60 a\u00f1os caminando juntos \u00bfQui\u00e9nes somos? Impulsamos la igualdad de oportunidades y la promoci\u00f3n social individual para construir una sociedad justa y equitativa para todos Somos una entidad privada sin \u00e1nimo de lucro que, desde 1962, trabaja para impulsar la inclusi\u00f3n de las personas con discapacidad intelectual y enfermedades mentales, as\u00ed como para garantizar su [&hellip;]","og_url":"https:\/\/aspros.cat\/nosaltres\/","og_site_name":"Fundaci\u00f3 Aspros \u2013 Servei Integral per la discapacitat ps\u00edquica","article_modified_time":"2025-07-30T15:48:41+00:00","twitter_card":"summary_large_image","twitter_misc":{"Tiempo de lectura":"1 minuto"},"schema":{"@context":"https:\/\/schema.org","@graph":[{"@type":"WebPage","@id":"https:\/\/aspros.cat\/nosaltres\/","url":"https:\/\/aspros.cat\/nosaltres\/","name":"\u00bfQui\u00e9nes somos? - Fundaci\u00f3 Aspros \u2013 Servei Integral per la discapacitat ps\u00edquica","isPartOf":{"@id":"https:\/\/aspros.cat\/#website"},"datePublished":"2022-02-17T09:11:01+00:00","dateModified":"2025-07-30T15:48:41+00:00","breadcrumb":{"@id":"https:\/\/aspros.cat\/nosaltres\/#breadcrumb"},"inLanguage":"es","potentialAction":[{"@type":"ReadAction","target":["https:\/\/aspros.cat\/nosaltres\/"]}]},{"@type":"BreadcrumbList","@id":"https:\/\/aspros.cat\/nosaltres\/#breadcrumb","itemListElement":[{"@type":"ListItem","position":1,"name":"Inici","item":"https:\/\/aspros.cat\/"},{"@type":"ListItem","position":2,"name":"\u00bfQui\u00e9nes somos?"}]},{"@type":"WebSite","@id":"https:\/\/aspros.cat\/#website","url":"https:\/\/aspros.cat\/","name":"Fundaci\u00f3 Aspros \u2013 Servei Integral per la discapacitat ps\u00edquica","description":"Otro sitio realizado con WordPress","publisher":{"@id":"https:\/\/aspros.cat\/#organization"},"potentialAction":[{"@type":"SearchAction","target":{"@type":"EntryPoint","urlTemplate":"https:\/\/aspros.cat\/?s={search_term_string}"},"query-input":{"@type":"PropertyValueSpecification","valueRequired":true,"valueName":"search_term_string"}}],"inLanguage":"es"},{"@type":"Organization","@id":"https:\/\/aspros.cat\/#organization","name":"Fundaci\u00f3 Aspros \u2013 Servei Integral per la discapacitat ps\u00edquica","url":"https:\/\/aspros.cat\/","logo":{"@type":"ImageObject","inLanguage":"es","@id":"https:\/\/aspros.cat\/#\/schema\/logo\/image\/","url":"https:\/\/aspros.cat\/wp-content\/uploads\/2021\/11\/cropped-ASPROS_positiu.png","contentUrl":"https:\/\/aspros.cat\/wp-content\/uploads\/2021\/11\/cropped-ASPROS_positiu.png","width":1200,"height":400,"caption":"Fundaci\u00f3 Aspros \u2013 Servei Integral per la discapacitat ps\u00edquica"},"image":{"@id":"https:\/\/aspros.cat\/#\/schema\/logo\/image\/"}}]}},"campaignId":"","_links":{"self":[{"href":"https:\/\/aspros.cat\/es\/wp-json\/wp\/v2\/pages\/10145","targetHints":{"allow":["GET"]}}],"collection":[{"href":"https:\/\/aspros.cat\/es\/wp-json\/wp\/v2\/pages"}],"about":[{"href":"https:\/\/aspros.cat\/es\/wp-json\/wp\/v2\/types\/page"}],"author":[{"embeddable":true,"href":"https:\/\/aspros.cat\/es\/wp-json\/wp\/v2\/users\/1"}],"replies":[{"embeddable":true,"href":"https:\/\/aspros.cat\/es\/wp-json\/wp\/v2\/comments?post=10145"}],"version-history":[{"count":11,"href":"https:\/\/aspros.cat\/es\/wp-json\/wp\/v2\/pages\/10145\/revisions"}],"predecessor-version":[{"id":18728,"href":"https:\/\/aspros.cat\/es\/wp-json\/wp\/v2\/pages\/10145\/revisions\/18728"}],"wp:attachment":[{"href":"https:\/\/aspros.cat\/es\/wp-json\/wp\/v2\/media?parent=10145"}],"curies":[{"name":"wp","href":"https:\/\/api.w.org\/{rel}","templated":true}]}}