{"version":"1.0","provider_name":"Fundaci\u00f3 Aspros \u2013 Servei Integral per la discapacitat ps\u00edquica","provider_url":"https:\/\/aspros.cat\/es\/","author_name":"agenciaoma","author_url":"https:\/\/aspros.cat\/es\/author\/agenciaoma\/","title":"C\u00f3digo \u00e9tico y pol\u00edticas - Fundaci\u00f3 Aspros \u2013 Servei Integral per la discapacitat ps\u00edquica","type":"rich","width":600,"height":338,"html":"<blockquote class=\"wp-embedded-content\" data-secret=\"2t8XBhhDtj\"><a href=\"https:\/\/aspros.cat\/es\/codigo-etico-y-politicas\/\">C\u00f3digo \u00e9tico y pol\u00edticas<\/a><\/blockquote><iframe sandbox=\"allow-scripts\" security=\"restricted\" src=\"https:\/\/aspros.cat\/es\/codigo-etico-y-politicas\/embed\/#?secret=2t8XBhhDtj\" width=\"600\" height=\"338\" title=\"\u00abC\u00f3digo \u00e9tico y pol\u00edticas\u00bb \u2014 Fundaci\u00f3 Aspros \u2013 Servei Integral per la discapacitat ps\u00edquica\" data-secret=\"2t8XBhhDtj\" frameborder=\"0\" marginwidth=\"0\" marginheight=\"0\" scrolling=\"no\" class=\"wp-embedded-content\"><\/iframe><script>\n\/*! This file is auto-generated *\/\n!function(d,l){\"use strict\";l.querySelector&&d.addEventListener&&\"undefined\"!=typeof URL&&(d.wp=d.wp||{},d.wp.receiveEmbedMessage||(d.wp.receiveEmbedMessage=function(e){var t=e.data;if((t||t.secret||t.message||t.value)&&!\/[^a-zA-Z0-9]\/.test(t.secret)){for(var s,r,n,a=l.querySelectorAll('iframe[data-secret=\"'+t.secret+'\"]'),o=l.querySelectorAll('blockquote[data-secret=\"'+t.secret+'\"]'),c=new RegExp(\"^https?:$\",\"i\"),i=0;i<o.length;i++)o[i].style.display=\"none\";for(i=0;i<a.length;i++)s=a[i],e.source===s.contentWindow&&(s.removeAttribute(\"style\"),\"height\"===t.message?(1e3<(r=parseInt(t.value,10))?r=1e3:~~r<200&&(r=200),s.height=r):\"link\"===t.message&&(r=new URL(s.getAttribute(\"src\")),n=new URL(t.value),c.test(n.protocol))&&n.host===r.host&&l.activeElement===s&&(d.top.location.href=t.value))}},d.addEventListener(\"message\",d.wp.receiveEmbedMessage,!1),l.addEventListener(\"DOMContentLoaded\",function(){for(var e,t,s=l.querySelectorAll(\"iframe.wp-embedded-content\"),r=0;r<s.length;r++)(t=(e=s[r]).getAttribute(\"data-secret\"))||(t=Math.random().toString(36).substring(2,12),e.src+=\"#?secret=\"+t,e.setAttribute(\"data-secret\",t)),e.contentWindow.postMessage({message:\"ready\",secret:t},\"*\")},!1)))}(window,document);\n\/\/# sourceURL=https:\/\/aspros.cat\/wp-includes\/js\/wp-embed.min.js\n<\/script>\n","description":"Sostenibilidad e innovaci\u00f3n C\u00f3digo \u00e9tico y pol\u00edticas C\u00f3digo \u00e9tico C\u00f3digo \u00e9tico. Desc\u00e1rgalo C\u00f3digo \u00e9tico. Versi\u00f3n en lectura f\u00e1cil C\u00f3digo \u00e9tico. Versi\u00f3n reducida.\u00a0 C\u00f3digo \u00e9tico. Versi\u00f3n en pictogramas.\u00a0 Pol\u00edticas Descubre nuestra Pol\u00edtica de Responsabilidad Social Corporativa Desc\u00e1rgate nuestra Pol\u00edtica Integrada de Gesti\u00f3n Accede a la Pol\u00edtica Ambiental Consulta el Plan de Igualdad (lectura f\u00e1cil) Consulta el [&hellip;]","thumbnail_url":"https:\/\/aspros.cat\/wp-content\/uploads\/2023\/07\/Captura-de-pantalla-2023-07-03-101852.png","thumbnail_width":641,"thumbnail_height":911}